{"id":4901,"date":"2026-03-31T11:12:58","date_gmt":"2026-03-31T09:12:58","guid":{"rendered":"https:\/\/krio.hu\/?post_type=pregnancy_zone&#038;p=4901"},"modified":"2026-04-08T14:54:45","modified_gmt":"2026-04-08T12:54:45","slug":"1-terhessegi-het-az-elso-napok-es-tunetek","status":"publish","type":"pregnancy_zone","link":"https:\/\/krio.hu\/kismamavilag\/terhessegi-naptar\/1-terhessegi-het-az-elso-napok-es-tunetek","title":{"rendered":"A terhess\u00e9g 1. hete: Az els\u0151 napok \u00e9s t\u00fcnetek\u00a0"},"content":{"rendered":"\n<p class=\" eplus-wrapper\">Az orvosok \u00e1ltal alkalmazott hagyom\u00e1nyos sz\u00e1m\u00edt\u00e1si m\u00f3dszer szerint a terhess\u00e9g id\u0151tartam\u00e1ba beletartozik a fogantat\u00e1s el\u0151tti id\u0151szak is \u2013 az utols\u00f3 menstru\u00e1ci\u00f3 els\u0151 napj\u00e1t\u00f3l sz\u00e1m\u00edtva. Az 1. terhess\u00e9gi h\u00e9t teh\u00e1t m\u00e9g nem mutathat tipikus terhess\u00e9gi jeleket. Ennek ellen\u00e9re a n\u0151i testben m\u00e1r sz\u00e1mos folyamat zajlik, amely felk\u00e9sz\u00edti a szervezetet az \u00faj \u00e9let potenci\u00e1lis fejl\u0151d\u00e9s\u00e9re. Hogyan n\u00e9znek ki a terhess\u00e9g els\u0151 napjai? Milyen vizsg\u00e1latokat \u00e9rdemes elv\u00e9gezni, \u00e9s hogyan vigy\u00e1zzunk magunkra? Al\u00e1bb v\u00e1laszolunk!&nbsp;<\/p>\n\n\n\n<h2 class=\" wp-block-heading eplus-wrapper\">Hogyan sz\u00e1moljuk az 1. terhess\u00e9gi hetet?&nbsp;<\/h2>\n\n\n\n<p class=\" eplus-wrapper\">Az, hogy mikort\u00f3l sz\u00e1m\u00edtjuk az 1. terhess\u00e9gi hetet, a n\u0151gy\u00f3gy\u00e1szok meg\u00e1llapod\u00e1s\u00e1n alapul, \u00e9s nem a fogantat\u00e1s pillanata hat\u00e1rozza meg.&nbsp;<strong>A terhess\u00e9g els\u0151 napja az utols\u00f3 menstru\u00e1ci\u00f3 els\u0151 napja.<\/strong>&nbsp;Ekkor kezd\u0151dik a terhess\u00e9gi hetek hivatalos sz\u00e1mol\u00e1sa \u2013 m\u00e9g akkor is, ha a t\u00e9nyleges megterm\u00e9keny\u00edt\u00e9s&nbsp;ekkor&nbsp;m\u00e9g nem t\u00f6rt\u00e9nt meg. Ezt a m\u00f3dszert az\u00e9rt alkalmazz\u00e1k, mert a fogantat\u00e1s pontos id\u0151pontj\u00e1nak meghat\u00e1roz\u00e1sa a legt\u00f6bb esetben lehetetlen. Ez\u00e9rt referenciapontk\u00e9nt azt a d\u00e1tumot haszn\u00e1lj\u00e1k, amelyet a legt\u00f6bb n\u0151 nagy pontoss\u00e1ggal meg tud jel\u00f6lni \u2013 vagyis az utols\u00f3 menstru\u00e1ci\u00f3 els\u0151 napj\u00e1t.&nbsp;<\/p>\n\n\n\n<p class=\" eplus-wrapper\">Az ovul\u00e1ci\u00f3 az a pillanat, amikor a petef\u00e9szek t\u00fcsz\u0151je kibocs\u00e1t egy \u00e9rett petesejtet. A ciklusnak ebben a szakasz\u00e1ban a petesejt k\u00e9szen \u00e1ll a megterm\u00e9keny\u00edt\u00e9sre, ami a legterm\u00e9kenyebb id\u0151szak kezdet\u00e9t jelenti. Ha ez id\u0151 alatt a petesejt egyes\u00fcl a h\u00edmivarsejttel, l\u00e9trej\u00f6het az embri\u00f3 \u00e9s a terhess\u00e9g tov\u00e1bbi&nbsp;szakaszai.&nbsp;<\/p>\n\n\n\n<h2 class=\" wp-block-heading eplus-wrapper\">1. terhess\u00e9gi h\u00e9t \u2013 mi t\u00f6rt\u00e9nik ilyenkor?&nbsp;<\/h2>\n\n\n\n<p class=\" eplus-wrapper\">A n\u0151i szervezet m\u00e1r a ciklus els\u0151 napjait\u00f3l kezdve \u00e1talakul. A menstru\u00e1ci\u00f3 alatt lev\u00e1lik az endometrium \u2013 a m\u00e9hny\u00e1lkah\u00e1rtya, amely az el\u0151z\u0151 ciklusban \u00e9p\u00fclt fel, de nem hasznosult a megterm\u00e9keny\u00edtett petesejt befogad\u00e1s\u00e1ra. Ennek k\u00f6sz\u00f6nhet\u0151en a k\u00f6vetkez\u0151 napokban megkezd\u0151dhet a m\u00e9hny\u00e1lkah\u00e1rtya \u00fajj\u00e1\u00e9p\u00fcl\u00e9si folyamata, hogy ism\u00e9t k\u00e9szen \u00e1lljon a megterm\u00e9keny\u00edtett petesejt potenci\u00e1lis be\u00e1gyaz\u00f3d\u00e1s\u00e1ra (implant\u00e1ci\u00f3j\u00e1ra).&nbsp;<\/p>\n\n\n\n<p class=\" eplus-wrapper\">Ezzel egyidej\u0171leg a petef\u00e9szkekben&nbsp;Graaf-t\u00fcsz\u0151k fejl\u0151dnek. Az egyik\u00fck domin\u00e1nss\u00e1 v\u00e1lik, \u00e9s felk\u00e9sz\u00fcl a petesejt kibocs\u00e1t\u00e1s\u00e1ra az ovul\u00e1ci\u00f3 sor\u00e1n. A ciklusnak ez a f\u00e1zisa k\u00fcl\u00f6n\u00f6sen fontos, mivel a m\u00e9hben \u00fajj\u00e1\u00e9p\u00fclt&nbsp;endometrium&nbsp;vastags\u00e1ga \u00e9s min\u0151s\u00e9ge hat\u00e1rozza meg, hogy lehets\u00e9ges-e az embri\u00f3 be\u00e1gyaz\u00f3d\u00e1sa. A szervezet m\u00e1r most megteremti azokat a felt\u00e9teleket,&nbsp;amelyek lehet\u0151v\u00e9 tehetik a terhess\u00e9g kialakul\u00e1s\u00e1t&nbsp;a k\u00f6vetkez\u0151 napokban.&nbsp;<\/p>\n\n\n\n<h2 class=\" wp-block-heading eplus-wrapper\">Els\u0151 napok&nbsp;&nbsp;<\/h2>\n\n\n\n<p class=\" eplus-wrapper\">K\u00edv\u00fclr\u0151l a test semmilyen v\u00e1ltoz\u00e1st nem mutat. A terhess\u00e9g els\u0151 het\u00e9ben a has pontosan \u00fagy n\u00e9z ki, mint b\u00e1rmely norm\u00e1l ciklus adott id\u0151szak\u00e1ban. Mind a m\u00e9h, mind az esetleges embri\u00f3 \u2013 ha sor ker\u00fcl a fogantat\u00e1sra \u2013 m\u00e9g t\u00fal kicsi ahhoz, hogy b\u00e1rmilyen l\u00e1that\u00f3 reakci\u00f3t v\u00e1ltson ki a szervezetb\u0151l.&nbsp;<\/p>\n\n\n\n<p class=\" eplus-wrapper\">Ennek ellen\u00e9re n\u00e9h\u00e1ny n\u0151 tapasztalhat fizikai diszkomfortot. A puffad\u00e1s, a telts\u00e9g\u00e9rzet vagy a fesz\u00fcl\u00e9s a hasi t\u00e1j\u00e9kon a menstru\u00e1ci\u00f3ra jellemz\u0151 hormon\u00e1lis v\u00e1ltoz\u00e1sokb\u00f3l ad\u00f3dhat. Ezeket gyakran k\u00eds\u00e9rik a m\u00e9h simaizmainak \u00f6sszeh\u00faz\u00f3d\u00e1s\u00e1b\u00f3l ered\u0151 hasi f\u00e1jdalmak. Az ilyen t\u00fcnetek term\u00e9szetesek, \u00e9s nem a terhess\u00e9g jelei, hanem a ciklikus folyamatok eredm\u00e9nyek\u00e9nt a testben zajl\u00f3 v\u00e1ltoz\u00e1sok\u00e9. Ezzel szemben a&nbsp;<strong>terhess\u00e9g els\u0151 t\u00fcnetei<\/strong>&nbsp;legkor\u00e1bban a fogantat\u00e1s ut\u00e1ni 1. vagy 2. h\u00e9ten, azaz a terhess\u00e9g 3. vagy 4. het\u00e9ben \u00e9szlelhet\u0151k.&nbsp;<\/p>\n\n\n\n<h2 class=\" wp-block-heading eplus-wrapper\">A terhess\u00e9g leggyakoribb t\u00fcnetei \u2013 els\u0151 h\u00e9t&nbsp;<\/h2>\n\n\n\n<p class=\" eplus-wrapper\">A fogantat\u00e1s ut\u00e1ni els\u0151 h\u00e9ten neh\u00e9z egy\u00e9rtelm\u0171 terhess\u00e9gi t\u00fcnetekr\u0151l besz\u00e9lni. Ez m\u00e9g t\u00fal korai id\u0151pont ahhoz, hogy a szervezet vil\u00e1gos jelz\u00e9seket k\u00fcldj\u00f6n. Gyakran csak a v\u00e1rt menstru\u00e1ci\u00f3 elmarad\u00e1sa&nbsp;utal&nbsp;a terhess\u00e9g lehet\u0151s\u00e9g\u00e9re \u2013 k\u00fcl\u00f6n\u00f6sen, ha addig rendszeresek voltak a ciklusok. Egy\u00e9b panaszok, mint p\u00e9ld\u00e1ul a f\u00e1radts\u00e1g vagy a mellek \u00e9rz\u00e9kenys\u00e9ge, \u00e1ltal\u00e1ban valamivel k\u00e9s\u0151bb jelentkeznek.&nbsp;<\/p>\n\n\n\n<p class=\" eplus-wrapper\">A h\u00fcvelyi v\u00e1lad\u00e9k mennyis\u00e9g\u00e9nek v\u00e1ltoz\u00e1sa csak a k\u00e9s\u0151bbi hetekben k\u00f6vetkezik be, ha megt\u00f6rt\u00e9nt a fogantat\u00e1s \u2013 a terhess\u00e9g alatti foly\u00e1s term\u00e9szetes jelens\u00e9g. El\u0151fordulhat az is, hogy a n\u0151k enyhe v\u00e9rz\u00e9st vagy pecs\u00e9tel\u00e9st \u00e9szlelnek a korai terhess\u00e9g szakasz\u00e1ban. Minden esetben \u00e9rdemes orvossal konzult\u00e1lni a nyugtalan\u00edt\u00f3 t\u00fcnetekr\u0151l \u2013 k\u00fcl\u00f6n\u00f6sen a szokatlan sz\u00edn\u0171, szag\u00fa vagy egy\u00e9b panaszokkal j\u00e1r\u00f3 foly\u00e1s eset\u00e9n.&nbsp;<\/p>\n\n\n\n<h2 class=\" wp-block-heading eplus-wrapper\">Els\u0151 terhess\u00e9gi h\u00e9t, t\u00fcnetek \u2013 hogyan vigy\u00e1zzunk magunkra?&nbsp;<\/h2>\n\n\n\n<p class=\" eplus-wrapper\">M\u00e1r a ciklus els\u0151 napjaiban \u00e9rdemes olyan szok\u00e1sokat bevezetni, amelyek kedveznek az eg\u00e9szs\u00e9gnek \u2013 mind a saj\u00e1todnak, mind a k\u00f6zelj\u00f6v\u0151ben potenci\u00e1lisan fejl\u0151d\u0151 magzat\u00e9nak. A gyermekv\u00e1llal\u00e1si pr\u00f3b\u00e1lkoz\u00e1sok id\u0151szak\u00e1ban&nbsp;<strong>hagyd el a k\u00e1ros szenved\u00e9lyeket, cs\u00f6kkentsd a stresszt<\/strong>, \u00e9s ford\u00edts k\u00fcl\u00f6n\u00f6s figyelmet a mindennapi szok\u00e1saidra. Sz\u00e1mos k\u00f6rnyezeti t\u00e9nyez\u0151 befoly\u00e1solja a fogantat\u00e1si k\u00e9pess\u00e9get, valamint a magzat fejl\u0151d\u00e9s\u00e9t a terhess\u00e9g alatt.&nbsp;<\/p>\n\n\n\n<p class=\" eplus-wrapper\">V\u00e1lassz friss, feldolgozatlan \u00e9s \u00e1sv\u00e1nyi anyagokban gazdag&nbsp;\u00e9lelmiszereket. Minden \u00e9tkez\u00e9s tartalmazzon egy adag z\u00f6lds\u00e9get \u2013 ezek a hormonh\u00e1ztart\u00e1st t\u00e1mogat\u00f3 vitaminok forr\u00e1sai. Ne mondj le a mozg\u00e1sr\u00f3l sem \u2013 a s\u00e9ta, az \u00fasz\u00e1s vagy a j\u00f3ga jav\u00edtja a kering\u00e9st \u00e9s seg\u00edt a ciklus szab\u00e1lyoz\u00e1s\u00e1ban. Ne feledd, hogy a terhess\u00e9g els\u0151 trimeszter\u00e9ben a fizikai aktivit\u00e1s lehets\u00e9ges \u00e9s aj\u00e1nlott, amennyiben nincs orvosi ellenjavallat.&nbsp;Mivel a sikeres fogantat\u00e1s \u00e9s az eg\u00e9szs\u00e9ges babav\u00e1r\u00e1s egyik alappill\u00e9re a tudatoss\u00e1g, \u00e9rdemes m\u00e1r most elkezdened a felk\u00e9sz\u00fcl\u00e9st <a href=\"https:\/\/ossejt.krio.hu\/golyavaro-sorozat\" type=\"link\" id=\"https:\/\/ossejt.krio.hu\/golyavaro-sorozat\">szak\u00e9rt\u0151i seg\u00edts\u00e9ggel<\/a>.<\/p>\n\n\n\n<h2 class=\" wp-block-heading eplus-wrapper\">Terhess\u00e9gi t\u00fcnetek, 1. h\u00e9t \u2013 milyen vizsg\u00e1latokat \u00e9rdemes elv\u00e9gezni?&nbsp;<\/h2>\n\n\n\n<p class=\" eplus-wrapper\">Hogyan k\u00e9sz\u00fclj\u00fcnk fel a terhess\u00e9gre? A terhess\u00e9g els\u0151 hete a gyakorlatban a fogantat\u00e1s el\u0151tti tizenegyn\u00e9h\u00e1ny nap, \u00e9s egyben az&nbsp;<strong>utols\u00f3 pillanat<\/strong>, hogy elv\u00e9gezd a terhess\u00e9g el\u0151tt javasolt \u00f6sszes fontos vizsg\u00e1latot.&nbsp;<\/p>\n\n\n\n<p class=\" eplus-wrapper\">Keresd fel h\u00e1ziorvosodat vagy&nbsp;<a href=\"https:\/\/nogyogyaszat.krio.hu\/\" target=\"_blank\" rel=\"noreferrer noopener\">n\u0151gy\u00f3gy\u00e1szodat<\/a>&nbsp;az alapvet\u0151 vizsg\u00e1latok egyeztet\u00e9se \u00e9s a terhess\u00e9g el\u0151tti k\u00f3rel\u0151zm\u00e9ny felv\u00e9tele c\u00e9lj\u00e1b\u00f3l. A terhess\u00e9g els\u0151 het\u00e9ben \u00e9rdemes elv\u00e9gezni az alapvet\u0151 v\u00e9r- \u00e9s vizeletvizsg\u00e1latokat, mint a v\u00e9rk\u00e9p, v\u00e9rcukorszint, m\u00e1jfunkci\u00f3 vagy \u00e1ltal\u00e1nos vizeletvizsg\u00e1lat. \u00c9rdemes ellen\u0151rizni a pajzsmirigyhormonok szintj\u00e9t is, mivel ezek zavarai befoly\u00e1solhatj\u00e1k a term\u00e9kenys\u00e9get. Ellen\u0151riztesd fogaid \u00e1llapot\u00e1t is \u2013 a kezeletlen szuvasod\u00e1s vagy az \u00ednygyullad\u00e1s n\u00f6veli a sz\u00f6v\u0151dm\u00e9nyek kock\u00e1zat\u00e1t a terhess\u00e9g alatt. Ha rendszeresen szedsz gy\u00f3gyszereket, egyeztess orvosoddal azok biztons\u00e1goss\u00e1g\u00e1r\u00f3l.&nbsp;<\/p>\n\n\n\n<h2 class=\" wp-block-heading eplus-wrapper\">1. terhes\u00e9gi h\u00e9t, t\u00fcnetek \u2013 milyen \u00e9trend-kieg\u00e9sz\u00edt\u0151ket haszn\u00e1ljunk?&nbsp;<\/h2>\n\n\n\n<p class=\" eplus-wrapper\">A megfelel\u0151en kiegyens\u00falyozott \u00e9trend az alap, de el\u0151fordulhat, hogy ez nem elegend\u0151 \u2013 ilyenkor \u00e9rdemes \u00e9trend-kieg\u00e9sz\u00edt\u0151kh\u00f6z ny\u00falni. Bizonyos k\u00e9sz\u00edtm\u00e9nyek m\u00e1r a terhess\u00e9g elej\u00e9t\u0151l javasoltak, m\u00e1sok csak annak meger\u0151s\u00edt\u00e9se ut\u00e1n. Az al\u00e1bbiakban bemutatjuk a legfontosabb t\u00e1mogat\u00f3 anyagokat, azonban a&nbsp;<strong>konkr\u00e9t k\u00e9sz\u00edtm\u00e9nyek \u00e9s adagok kiv\u00e1laszt\u00e1sa mindig szakember fel\u00fcgyelete mellett kell, hogy t\u00f6rt\u00e9njen.<\/strong>&nbsp;A v\u00e9gs\u0151 d\u00f6nt\u00e9st e tekintetben a terhesgondoz\u00e1st v\u00e9gz\u0151 orvos hozza meg \u2013 a laborat\u00f3riumi eredm\u00e9nyek \u00e9s a p\u00e1ciens egy\u00e9ni ig\u00e9nyei alapj\u00e1n.&nbsp;<\/p>\n\n\n\n<h3 class=\" wp-block-heading eplus-wrapper\"><strong>Folsav<\/strong>&nbsp;&nbsp;<\/h3>\n\n\n\n<p class=\" eplus-wrapper\">A folsavp\u00f3tl\u00e1s m\u00e1r a gyermek tervez\u00e9s\u00e9nek szakasz\u00e1ban alapvet\u0151 fontoss\u00e1g\u00fa. Ez a B-vitamin-csoportba tartoz\u00f3 vegy\u00fclet jelent\u0151s szerepet j\u00e1tszik a sejtoszt\u00f3d\u00e1s folyamat\u00e1ban \u00e9s a fejl\u0151d\u0151 embri\u00f3 vel\u0151cs\u00f6v\u00e9nek kialakul\u00e1s\u00e1ban. Az aj\u00e1nlott adag napi 400&nbsp;mikrogramm, ide\u00e1lis esetben legal\u00e1bb egy h\u00f3nappal a potenci\u00e1lis fogantat\u00e1s el\u0151tt. A folsav haszn\u00e1lata a terhess\u00e9g alatt jelent\u0151sen cs\u00f6kkenti a s\u00falyos fejl\u0151d\u00e9si rendelleness\u00e9gek, p\u00e9ld\u00e1ul a nyitott gerinc vagy az agyhi\u00e1ny kock\u00e1zat\u00e1t.&nbsp;<\/p>\n\n\n\n<h3 class=\" wp-block-heading eplus-wrapper\"><strong>Vas<\/strong>&nbsp;&nbsp;<\/h3>\n\n\n\n<p class=\" eplus-wrapper\">A vas a v\u00e9r oxig\u00e9nsz\u00e1ll\u00edt\u00e1s\u00e1hoz elengedhetetlen mikroelem. Terhes n\u0151kn\u00e9l a sz\u00fcks\u00e9glet megn\u0151, mivel a szervezetnek nemcsak az anya sejtjeit, hanem a fejl\u0151d\u0151 magzatot is el kell l\u00e1tnia. A vasp\u00f3tl\u00e1st \u00e1ltal\u00e1ban olyan vizsg\u00e1latok ut\u00e1n kezdik el, mint a v\u00e9rk\u00e9p, amely lehet\u0151v\u00e9 teszi a hemoglobinszint \u00e9rt\u00e9kel\u00e9s\u00e9t \u00e9s az esetleges v\u00e9rszeg\u00e9nys\u00e9g kimutat\u00e1s\u00e1t. A standard megel\u0151z\u0151 adag napi 30 mg.&nbsp;<\/p>\n\n\n\n<h3 class=\" wp-block-heading eplus-wrapper\"><strong>D3-vitamin<\/strong>&nbsp;&nbsp;<\/h3>\n\n\n\n<p class=\" eplus-wrapper\">A D3-vitamin sz\u00e1mos biol\u00f3giai folyamatra van hat\u00e1ssal \u2013 t\u00e1mogatja a csontok mineraliz\u00e1ci\u00f3j\u00e1t, szab\u00e1lyozza a kalcium \u00e9s a foszfor felsz\u00edv\u00f3d\u00e1s\u00e1t, valamint modul\u00e1lja az immunrendszer m\u0171k\u00f6d\u00e9s\u00e9t. Terhess\u00e9g alatti hi\u00e1nya a gyermek csontrendszer\u00e9nek fejl\u0151d\u00e9si zavaraihoz vezethet, valamint n\u00f6velheti a&nbsp;preeclampsia&nbsp;(preeklampszia) vagy a terhess\u00e9gi cukorbetegs\u00e9g kock\u00e1zat\u00e1t. Az aj\u00e1nlott napi adag v\u00e1rand\u00f3s n\u0151knek 800\u20131000 IU.&nbsp;<\/p>\n\n\n\n<h3 class=\" wp-block-heading eplus-wrapper\"><strong>Magn\u00e9zium<\/strong>&nbsp;&nbsp;<\/h3>\n\n\n\n<p class=\" eplus-wrapper\">A magn\u00e9zium fontos szerepet j\u00e1tszik az idegrendszer, az izomrendszer \u00e9s a sz\u00edv-\u00e9rrendszer m\u0171k\u00f6d\u00e9s\u00e9ben. Terhess\u00e9g alatt a hi\u00e1nya izomg\u00f6rcs\u00f6kh\u00f6z, fejf\u00e1j\u00e1shoz, ingerl\u00e9kenys\u00e9ghez \u00e9s sz\u00edvritmuszavarokhoz vezethet. A napi 300\u2013400 mg-os magn\u00e9ziump\u00f3tl\u00e1st \u00e9rdemes m\u00e1r a terhess\u00e9g els\u0151 trimeszter\u00e9ben elkezdeni, k\u00fcl\u00f6n\u00f6sen, ha kor\u00e1bban jelentkeztek a hi\u00e1ny t\u00fcnetei.&nbsp;<\/p>\n\n\n\n<h3 class=\" wp-block-heading eplus-wrapper\"><strong>Kalcium<\/strong>&nbsp;&nbsp;<\/h3>\n\n\n\n<p class=\" eplus-wrapper\">A kalcium a csontok \u00e9s fogak f\u0151 \u00e9p\u00edt\u0151k\u00f6ve, megfelel\u0151 bevitele a terhess\u00e9g kezdet\u00e9t\u0151l sz\u00fcks\u00e9ges a magzat csontv\u00e1z\u00e1nak eg\u00e9szs\u00e9ges fejl\u0151d\u00e9s\u00e9hez. A v\u00e1rand\u00f3s n\u0151k napi sz\u00fcks\u00e9glete k\u00f6r\u00fclbel\u00fcl 1200 mg. A kalciumhi\u00e1ny gyeng\u00edtheti az anya csontszerkezet\u00e9t, \u00e9s n\u00f6velheti a terhess\u00e9gi magas v\u00e9rnyom\u00e1s kock\u00e1zat\u00e1t.&nbsp;<\/p>\n\n\n\n<h3 class=\" wp-block-heading eplus-wrapper\"><strong>J\u00f3d<\/strong>&nbsp;&nbsp;<\/h3>\n\n\n\n<p class=\" eplus-wrapper\">A j\u00f3d olyan elem, amely t\u00e1mogatja a pajzsmirigy megfelel\u0151 m\u0171k\u00f6d\u00e9s\u00e9t \u00e9s hormonjainak szint\u00e9zis\u00e9t, amelyek elengedhetetlenek a magzat idegrendszer\u00e9nek fejl\u0151d\u00e9s\u00e9hez. A terhess\u00e9get tervez\u0151 \u00e9s annak korai szakasz\u00e1ban l\u00e9v\u0151 n\u0151k sz\u00e1m\u00e1ra aj\u00e1nlott napi adag 200&nbsp;mikrogramm. A j\u00f3dp\u00f3tl\u00e1s cs\u00f6kkenti a fejl\u0151d\u00e9si elmarad\u00e1sok kock\u00e1zat\u00e1t \u00e9s t\u00e1mogatja az anyagcser\u00e9t.&nbsp;<\/p>\n\n\n\n<h3 class=\" wp-block-heading eplus-wrapper\"><strong>Omega-3 zs\u00edrsavak<\/strong>&nbsp;<\/h3>\n\n\n\n<p class=\" eplus-wrapper\">&nbsp;Az omega-3 zs\u00edrsavak, k\u00fcl\u00f6n\u00f6sen a DHA, jelent\u0151s szerepet j\u00e1tszanak a magzat agy\u00e1nak \u00e9s l\u00e1t\u00f3szerv\u00e9nek fejl\u0151d\u00e9s\u00e9ben. A terhess\u00e9get tervez\u0151 \u00e9s a korai szakaszban l\u00e9v\u0151 n\u0151knek napi 200\u2013300 mg DHA p\u00f3tl\u00e1sa javasolt. A DHA gyullad\u00e1scs\u00f6kkent\u0151 tulajdons\u00e1gokkal is rendelkezik, \u00e9s t\u00e1mogathatja a sz\u00edv-\u00e9rrendszer m\u0171k\u00f6d\u00e9s\u00e9t.&nbsp;<\/p>\n\n\n\n<h3 class=\" wp-block-heading eplus-wrapper\"><strong>A-vitamin<\/strong>&nbsp;&nbsp;<\/h3>\n\n\n\n<p class=\" eplus-wrapper\">Az A-vitamin t\u00e1mogatja a b\u0151r, a l\u00e1t\u00e1s \u00e9s a ny\u00e1lkah\u00e1rty\u00e1k megfelel\u0151 m\u0171k\u00f6d\u00e9s\u00e9t. Terhess\u00e9g alatt a jelenl\u00e9te elengedhetetlen, azonban \u00f3vatosnak kell lenni \u2013 a t\u00falzott&nbsp;retinolbevitel&nbsp;toxikus lehet \u00e9s fejl\u0151d\u00e9si rendelleness\u00e9geket okozhat. Ez\u00e9rt a terhess\u00e9g alatt az A-vitamin biztons\u00e1gos form\u00e1ja a b\u00e9ta-karotin.&nbsp;<\/p>\n\n\n\n<h3 class=\" wp-block-heading eplus-wrapper\"><strong>E-vitamin<\/strong>&nbsp;&nbsp;<\/h3>\n\n\n\n<p class=\" eplus-wrapper\">Az E-vitamin er\u0151s antioxid\u00e1ns, amely seg\u00edti a sejtek v\u00e9delm\u00e9t az oxidat\u00edv stresszel szemben. Terhess\u00e9g alatt a sz\u00fcks\u00e9glet megn\u0151, mivel a n\u0151i szervezet intenz\u00edvebben dolgozik, \u00e9s az anyagcsere-folyamatok nagyobb terhel\u00e9snek vannak kit\u00e9ve. Az aj\u00e1nlott adag ebb\u0151l a vitaminb\u00f3l napi 15\u201319 mg.&nbsp;<\/p>\n\n\n\n<h2 class=\" wp-block-heading eplus-wrapper\">Gyakori k\u00e9rd\u00e9sek&nbsp;<\/h2>\n\n\n\n<div class=\"schema-faq wp-block-yoast-faq-block\"><div class=\"schema-faq-section\" id=\"faq-question-1774947992008\"><strong class=\"schema-faq-question\"><strong>1. Mikort\u00f3l sz\u00e1moljuk az 1. terhess\u00e9gi hetet?<\/strong>\u00a0\u00a0<br><\/strong> <p class=\"schema-faq-answer\">Az, hogy mikor van az 1. terhess\u00e9gi h\u00e9t, az orvosi hagyom\u00e1nyb\u00f3l ered \u2013 elfogadott, hogy az els\u0151 h\u00e9t az utols\u00f3 menstru\u00e1ci\u00f3 els\u0151 napj\u00e1t\u00f3l sz\u00e1m\u00edtott id\u0151szak. B\u00e1r biol\u00f3giailag ez m\u00e9g nem terhess\u00e9g, hivatalosan ekkort\u00f3l kezdik sz\u00e1molni.\u00a0<\/p> <\/div> <div class=\"schema-faq-section\" id=\"faq-question-1774948005513\"><strong class=\"schema-faq-question\"><strong>2. 1. terhess\u00e9gi h\u00e9t \u2013 milyen\u00a0hCG\u00a0szint v\u00e1rhat\u00f3?<\/strong>\u00a0\u00a0<br><\/strong> <p class=\"schema-faq-answer\">A terhess\u00e9g ilyen korai szakasz\u00e1ban a b\u00e9ta-hCG\u00a0hormon koncentr\u00e1ci\u00f3ja t\u00fal alacsony ahhoz, hogy megb\u00edzhat\u00f3 diagnosztikai eszk\u00f6zk\u00e9nt szolg\u00e1ljon. Az els\u0151 h\u00e9ten m\u00e9g sem a megterm\u00e9keny\u00edt\u00e9s, sem az embri\u00f3 be\u00e1gyaz\u00f3d\u00e1sa nem t\u00f6rt\u00e9nik meg, ez\u00e9rt a\u00a0hCG\u00a0szint kimutathatatlan vagy nagyon alacsony marad.\u00a0<\/p> <\/div> <div class=\"schema-faq-section\" id=\"faq-question-1774948018996\"><strong class=\"schema-faq-question\"><strong>3. Sz\u00fcks\u00e9ges-e megv\u00e1ltoztatni a mindennapi szok\u00e1sokat a terhess\u00e9g els\u0151 het\u00e9ben?<\/strong>\u00a0\u00a0<br><\/strong> <p class=\"schema-faq-answer\">Ebben a szakaszban m\u00e9g nincs sz\u00fcks\u00e9g radik\u00e1lis v\u00e1ltoztat\u00e1sokra a mindennapi \u00e9letm\u00f3dban, de \u00e9rdemes fel\u00fclb\u00edr\u00e1lni a szok\u00e1saidat. Az eg\u00e9szs\u00e9gesebb \u00e9trend bevezet\u00e9se, a k\u00e1ros szenved\u00e9lyek ker\u00fcl\u00e9se \u00e9s a rendszeres alv\u00e1s mindig j\u00f3 d\u00f6nt\u00e9s. Ezek a l\u00e9p\u00e9sek pozit\u00edvan befoly\u00e1solhatj\u00e1k a terhess\u00e9g tov\u00e1bbi menet\u00e9t, amennyiben sor ker\u00fcl a fogantat\u00e1sra.\u00a0<\/p> <\/div> <\/div>\n\n\n\n<p class=\" eplus-wrapper\"><strong>Tudd meg, mi v\u00e1r r\u00e1d a k\u00f6vetkez\u0151 hetekben:<\/strong><\/p>\n\n\n\n<p class=\" eplus-wrapper\"><a href=\"https:\/\/krio.hu\/kismamavilag\/terhessegi-naptar\/2-terhessegi-het-azaz-a-korai-terhesseg-es-valtozasok\" target=\"_blank\" rel=\"noreferrer noopener\">2. terhess\u00e9gi h\u00e9t: Azaz a korai terhess\u00e9g \u00e9s v\u00e1ltoz\u00e1sok a kismama test\u00e9ben <\/a><\/p>\n\n\n\n<p class=\" eplus-wrapper\"><a href=\"https:\/\/krio.hu\/kismamavilag\/terhessegi-naptar\/3-terhessegi-het-a-baba-fejlodese-es-az-anya-kozerzete\" type=\"link\" id=\"https:\/\/krio.hu\/kismamavilag\/terhessegi-naptar\/3-terhessegi-het-a-baba-fejlodese-es-az-anya-kozerzete\" target=\"_blank\" rel=\"noreferrer noopener\">3. terhess\u00e9gi h\u00e9t: A baba fejl\u0151d\u00e9se \u00e9s az anya k\u00f6z\u00e9rzete <\/a><\/p>\n\n\n\n<p class=\" eplus-wrapper\"><a href=\"https:\/\/krio.hu\/kismamavilag\/terhessegi-naptar\/4-terhessegi-het-mi-tortenik-az-anya-es-a-baba-szervezeteben\" type=\"link\" id=\"https:\/\/krio.hu\/kismamavilag\/terhessegi-naptar\/3-terhessegi-het-a-baba-fejlodese-es-az-anya-kozerzete\" target=\"_blank\" rel=\"noreferrer noopener\">4. terhess\u00e9gi h\u00e9t: Mi t\u00f6rt\u00e9nik az anya \u00e9s a baba szervezet\u00e9ben? <\/a><\/p>\n","protected":false},"excerpt":{"rendered":"<p>Az orvosok \u00e1ltal alkalmazott hagyom\u00e1nyos sz\u00e1m\u00edt\u00e1si m\u00f3dszer szerint a terhess\u00e9g id\u0151tartam\u00e1ba beletartozik a fogantat\u00e1s el\u0151tti id\u0151szak is \u2013 az utols\u00f3 menstru\u00e1ci\u00f3 els\u0151 napj\u00e1t\u00f3l sz\u00e1m\u00edtva. Az 1. terhess\u00e9gi h\u00e9t teh\u00e1t m\u00e9g nem mutathat tipikus terhess\u00e9gi jeleket. Ennek ellen\u00e9re a n\u0151i testben m\u00e1r sz\u00e1mos folyamat zajlik, amely felk\u00e9sz\u00edti a szervezetet az \u00faj \u00e9let potenci\u00e1lis fejl\u0151d\u00e9s\u00e9re. Hogyan n\u00e9znek [&hellip;]<\/p>\n","protected":false},"author":8,"featured_media":4874,"template":"","pregnancy_zone_category":[13],"class_list":["post-4901","pregnancy_zone","type-pregnancy_zone","status-publish","has-post-thumbnail","hentry","pregnancy_zone_category-terhessegi-naptar"],"yoast_head":"<!-- This site is optimized with the Yoast SEO plugin v27.5 - https:\/\/yoast.com\/product\/yoast-seo-wordpress\/ -->\n<title>1. terhess\u00e9gi h\u00e9t: Az els\u0151 napok \u00e9s t\u00fcnetek\u00a0<\/title>\n<meta name=\"description\" content=\"Hogyan sz\u00e1molj\u00e1k az orvosok a terhess\u00e9get? Tudd meg, mi t\u00f6rt\u00e9nik az 1. h\u00e9ten, mi\u00e9rt fontos a folsavp\u00f3tl\u00e1s \u00e9s hogyan k\u00e9sz\u00fcl fel a tested a fogantat\u00e1sra.\" \/>\n<meta name=\"robots\" content=\"index, follow, max-snippet:-1, max-image-preview:large, max-video-preview:-1\" \/>\n<link rel=\"canonical\" href=\"https:\/\/krio.hu\/kismamavilag\/terhessegi-naptar\/1-terhessegi-het-az-elso-napok-es-tunetek\" \/>\n<meta property=\"og:locale\" content=\"hu_HU\" \/>\n<meta property=\"og:type\" content=\"article\" \/>\n<meta property=\"og:title\" content=\"1. terhess\u00e9gi h\u00e9t: Az els\u0151 napok \u00e9s t\u00fcnetek\u00a0\" \/>\n<meta property=\"og:description\" content=\"Hogyan sz\u00e1molj\u00e1k az orvosok a terhess\u00e9get? Tudd meg, mi t\u00f6rt\u00e9nik az 1. h\u00e9ten, mi\u00e9rt fontos a folsavp\u00f3tl\u00e1s \u00e9s hogyan k\u00e9sz\u00fcl fel a tested a fogantat\u00e1sra.\" \/>\n<meta property=\"og:url\" content=\"https:\/\/krio.hu\/kismamavilag\/terhessegi-naptar\/1-terhessegi-het-az-elso-napok-es-tunetek\" \/>\n<meta property=\"og:site_name\" content=\"K\u00f6ss\u00f6n a Krio Int\u00e9zetn\u00e9l \u0151ssejtt\u00e1rol\u00e1si csomagot kedvezm\u00e9nyes \u00e1ron\" \/>\n<meta property=\"article:modified_time\" content=\"2026-04-08T12:54:45+00:00\" \/>\n<meta property=\"og:image\" content=\"https:\/\/krio.hu\/wp-content\/uploads\/2026\/03\/1_terhessegi_het.webp\" \/>\n\t<meta property=\"og:image:width\" content=\"640\" \/>\n\t<meta property=\"og:image:height\" content=\"427\" \/>\n\t<meta property=\"og:image:type\" content=\"image\/webp\" \/>\n<meta name=\"twitter:card\" content=\"summary_large_image\" \/>\n<meta name=\"twitter:label1\" content=\"Becs\u00fclt olvas\u00e1si id\u0151\" \/>\n\t<meta name=\"twitter:data1\" content=\"9 perc\" \/>\n<script type=\"application\/ld+json\" class=\"yoast-schema-graph\">{\"@context\":\"https:\\\/\\\/schema.org\",\"@graph\":[{\"@type\":[\"WebPage\",\"FAQPage\"],\"@id\":\"https:\\\/\\\/krio.hu\\\/kismamavilag\\\/terhessegi-naptar\\\/1-terhessegi-het-az-elso-napok-es-tunetek\",\"url\":\"https:\\\/\\\/krio.hu\\\/kismamavilag\\\/terhessegi-naptar\\\/1-terhessegi-het-az-elso-napok-es-tunetek\",\"name\":\"1. terhess\u00e9gi h\u00e9t: Az els\u0151 napok \u00e9s t\u00fcnetek\u00a0\",\"isPartOf\":{\"@id\":\"https:\\\/\\\/krio.hu\\\/#website\"},\"primaryImageOfPage\":{\"@id\":\"https:\\\/\\\/krio.hu\\\/kismamavilag\\\/terhessegi-naptar\\\/1-terhessegi-het-az-elso-napok-es-tunetek#primaryimage\"},\"image\":{\"@id\":\"https:\\\/\\\/krio.hu\\\/kismamavilag\\\/terhessegi-naptar\\\/1-terhessegi-het-az-elso-napok-es-tunetek#primaryimage\"},\"thumbnailUrl\":\"https:\\\/\\\/krio.hu\\\/wp-content\\\/uploads\\\/2026\\\/03\\\/1_terhessegi_het.webp\",\"datePublished\":\"2026-03-31T09:12:58+00:00\",\"dateModified\":\"2026-04-08T12:54:45+00:00\",\"description\":\"Hogyan sz\u00e1molj\u00e1k az orvosok a terhess\u00e9get? Tudd meg, mi t\u00f6rt\u00e9nik az 1. h\u00e9ten, mi\u00e9rt fontos a folsavp\u00f3tl\u00e1s \u00e9s hogyan k\u00e9sz\u00fcl fel a tested a fogantat\u00e1sra.\",\"breadcrumb\":{\"@id\":\"https:\\\/\\\/krio.hu\\\/kismamavilag\\\/terhessegi-naptar\\\/1-terhessegi-het-az-elso-napok-es-tunetek#breadcrumb\"},\"mainEntity\":[{\"@id\":\"https:\\\/\\\/krio.hu\\\/kismamavilag\\\/terhessegi-naptar\\\/1-terhessegi-het-az-elso-napok-es-tunetek#faq-question-1774947992008\"},{\"@id\":\"https:\\\/\\\/krio.hu\\\/kismamavilag\\\/terhessegi-naptar\\\/1-terhessegi-het-az-elso-napok-es-tunetek#faq-question-1774948005513\"},{\"@id\":\"https:\\\/\\\/krio.hu\\\/kismamavilag\\\/terhessegi-naptar\\\/1-terhessegi-het-az-elso-napok-es-tunetek#faq-question-1774948018996\"}],\"inLanguage\":\"hu\",\"potentialAction\":[{\"@type\":\"ReadAction\",\"target\":[\"https:\\\/\\\/krio.hu\\\/kismamavilag\\\/terhessegi-naptar\\\/1-terhessegi-het-az-elso-napok-es-tunetek\"]}]},{\"@type\":\"ImageObject\",\"inLanguage\":\"hu\",\"@id\":\"https:\\\/\\\/krio.hu\\\/kismamavilag\\\/terhessegi-naptar\\\/1-terhessegi-het-az-elso-napok-es-tunetek#primaryimage\",\"url\":\"https:\\\/\\\/krio.hu\\\/wp-content\\\/uploads\\\/2026\\\/03\\\/1_terhessegi_het.webp\",\"contentUrl\":\"https:\\\/\\\/krio.hu\\\/wp-content\\\/uploads\\\/2026\\\/03\\\/1_terhessegi_het.webp\",\"width\":640,\"height\":427,\"caption\":\"1-terhessegi-het-az-elso-napok-es-tunetek\"},{\"@type\":\"BreadcrumbList\",\"@id\":\"https:\\\/\\\/krio.hu\\\/kismamavilag\\\/terhessegi-naptar\\\/1-terhessegi-het-az-elso-napok-es-tunetek#breadcrumb\",\"itemListElement\":[{\"@type\":\"ListItem\",\"position\":1,\"name\":\"Kezd\u0151lap\",\"item\":\"https:\\\/\\\/krio.hu\\\/\"},{\"@type\":\"ListItem\",\"position\":2,\"name\":\"Kismamavil\u00e1g\",\"item\":\"https:\\\/\\\/krio.hu\\\/kismamavilag\\\/%pregnancy_zone_category%\"},{\"@type\":\"ListItem\",\"position\":3,\"name\":\"Terhess\u00e9gi napt\u00e1r\",\"item\":\"https:\\\/\\\/krio.hu\\\/kismamavilag\\\/terhessegi-naptar\"},{\"@type\":\"ListItem\",\"position\":4,\"name\":\"A terhess\u00e9g 1. hete: Az els\u0151 napok \u00e9s t\u00fcnetek\u00a0\"}]},{\"@type\":\"WebSite\",\"@id\":\"https:\\\/\\\/krio.hu\\\/#website\",\"url\":\"https:\\\/\\\/krio.hu\\\/\",\"name\":\"K\u00f6ss\u00f6n a Krio Int\u00e9zetn\u00e9l \u0151ssejtt\u00e1rol\u00e1si csomagot kedvezm\u00e9nyes \u00e1ron\",\"description\":\"\",\"potentialAction\":[{\"@type\":\"SearchAction\",\"target\":{\"@type\":\"EntryPoint\",\"urlTemplate\":\"https:\\\/\\\/krio.hu\\\/?s={search_term_string}\"},\"query-input\":{\"@type\":\"PropertyValueSpecification\",\"valueRequired\":true,\"valueName\":\"search_term_string\"}}],\"inLanguage\":\"hu\"},{\"@type\":\"Question\",\"@id\":\"https:\\\/\\\/krio.hu\\\/kismamavilag\\\/terhessegi-naptar\\\/1-terhessegi-het-az-elso-napok-es-tunetek#faq-question-1774947992008\",\"position\":1,\"url\":\"https:\\\/\\\/krio.hu\\\/kismamavilag\\\/terhessegi-naptar\\\/1-terhessegi-het-az-elso-napok-es-tunetek#faq-question-1774947992008\",\"name\":\"1. Mikort\u00f3l sz\u00e1moljuk az 1. terhess\u00e9gi hetet?\u00a0\u00a0\",\"answerCount\":1,\"acceptedAnswer\":{\"@type\":\"Answer\",\"text\":\"Az, hogy mikor van az 1. terhess\u00e9gi h\u00e9t, az orvosi hagyom\u00e1nyb\u00f3l ered \u2013 elfogadott, hogy az els\u0151 h\u00e9t az utols\u00f3 menstru\u00e1ci\u00f3 els\u0151 napj\u00e1t\u00f3l sz\u00e1m\u00edtott id\u0151szak. B\u00e1r biol\u00f3giailag ez m\u00e9g nem terhess\u00e9g, hivatalosan ekkort\u00f3l kezdik sz\u00e1molni.\u00a0\",\"inLanguage\":\"hu\"},\"inLanguage\":\"hu\"},{\"@type\":\"Question\",\"@id\":\"https:\\\/\\\/krio.hu\\\/kismamavilag\\\/terhessegi-naptar\\\/1-terhessegi-het-az-elso-napok-es-tunetek#faq-question-1774948005513\",\"position\":2,\"url\":\"https:\\\/\\\/krio.hu\\\/kismamavilag\\\/terhessegi-naptar\\\/1-terhessegi-het-az-elso-napok-es-tunetek#faq-question-1774948005513\",\"name\":\"2. 1. terhess\u00e9gi h\u00e9t \u2013 milyen\u00a0hCG\u00a0szint v\u00e1rhat\u00f3?\u00a0\u00a0\",\"answerCount\":1,\"acceptedAnswer\":{\"@type\":\"Answer\",\"text\":\"A terhess\u00e9g ilyen korai szakasz\u00e1ban a b\u00e9ta-hCG\u00a0hormon koncentr\u00e1ci\u00f3ja t\u00fal alacsony ahhoz, hogy megb\u00edzhat\u00f3 diagnosztikai eszk\u00f6zk\u00e9nt szolg\u00e1ljon. Az els\u0151 h\u00e9ten m\u00e9g sem a megterm\u00e9keny\u00edt\u00e9s, sem az embri\u00f3 be\u00e1gyaz\u00f3d\u00e1sa nem t\u00f6rt\u00e9nik meg, ez\u00e9rt a\u00a0hCG\u00a0szint kimutathatatlan vagy nagyon alacsony marad.\u00a0\",\"inLanguage\":\"hu\"},\"inLanguage\":\"hu\"},{\"@type\":\"Question\",\"@id\":\"https:\\\/\\\/krio.hu\\\/kismamavilag\\\/terhessegi-naptar\\\/1-terhessegi-het-az-elso-napok-es-tunetek#faq-question-1774948018996\",\"position\":3,\"url\":\"https:\\\/\\\/krio.hu\\\/kismamavilag\\\/terhessegi-naptar\\\/1-terhessegi-het-az-elso-napok-es-tunetek#faq-question-1774948018996\",\"name\":\"3. Sz\u00fcks\u00e9ges-e megv\u00e1ltoztatni a mindennapi szok\u00e1sokat a terhess\u00e9g els\u0151 het\u00e9ben?\u00a0\u00a0\",\"answerCount\":1,\"acceptedAnswer\":{\"@type\":\"Answer\",\"text\":\"Ebben a szakaszban m\u00e9g nincs sz\u00fcks\u00e9g radik\u00e1lis v\u00e1ltoztat\u00e1sokra a mindennapi \u00e9letm\u00f3dban, de \u00e9rdemes fel\u00fclb\u00edr\u00e1lni a szok\u00e1saidat. Az eg\u00e9szs\u00e9gesebb \u00e9trend bevezet\u00e9se, a k\u00e1ros szenved\u00e9lyek ker\u00fcl\u00e9se \u00e9s a rendszeres alv\u00e1s mindig j\u00f3 d\u00f6nt\u00e9s. Ezek a l\u00e9p\u00e9sek pozit\u00edvan befoly\u00e1solhatj\u00e1k a terhess\u00e9g tov\u00e1bbi menet\u00e9t, amennyiben sor ker\u00fcl a fogantat\u00e1sra.\u00a0\",\"inLanguage\":\"hu\"},\"inLanguage\":\"hu\"}]}<\/script>\n<!-- \/ Yoast SEO plugin. -->","yoast_head_json":{"title":"1. terhess\u00e9gi h\u00e9t: Az els\u0151 napok \u00e9s t\u00fcnetek\u00a0","description":"Hogyan sz\u00e1molj\u00e1k az orvosok a terhess\u00e9get? Tudd meg, mi t\u00f6rt\u00e9nik az 1. h\u00e9ten, mi\u00e9rt fontos a folsavp\u00f3tl\u00e1s \u00e9s hogyan k\u00e9sz\u00fcl fel a tested a fogantat\u00e1sra.","robots":{"index":"index","follow":"follow","max-snippet":"max-snippet:-1","max-image-preview":"max-image-preview:large","max-video-preview":"max-video-preview:-1"},"canonical":"https:\/\/krio.hu\/kismamavilag\/terhessegi-naptar\/1-terhessegi-het-az-elso-napok-es-tunetek","og_locale":"hu_HU","og_type":"article","og_title":"1. terhess\u00e9gi h\u00e9t: Az els\u0151 napok \u00e9s t\u00fcnetek\u00a0","og_description":"Hogyan sz\u00e1molj\u00e1k az orvosok a terhess\u00e9get? Tudd meg, mi t\u00f6rt\u00e9nik az 1. h\u00e9ten, mi\u00e9rt fontos a folsavp\u00f3tl\u00e1s \u00e9s hogyan k\u00e9sz\u00fcl fel a tested a fogantat\u00e1sra.","og_url":"https:\/\/krio.hu\/kismamavilag\/terhessegi-naptar\/1-terhessegi-het-az-elso-napok-es-tunetek","og_site_name":"K\u00f6ss\u00f6n a Krio Int\u00e9zetn\u00e9l \u0151ssejtt\u00e1rol\u00e1si csomagot kedvezm\u00e9nyes \u00e1ron","article_modified_time":"2026-04-08T12:54:45+00:00","og_image":[{"width":640,"height":427,"url":"https:\/\/krio.hu\/wp-content\/uploads\/2026\/03\/1_terhessegi_het.webp","type":"image\/webp"}],"twitter_card":"summary_large_image","twitter_misc":{"Becs\u00fclt olvas\u00e1si id\u0151":"9 perc"},"schema":{"@context":"https:\/\/schema.org","@graph":[{"@type":["WebPage","FAQPage"],"@id":"https:\/\/krio.hu\/kismamavilag\/terhessegi-naptar\/1-terhessegi-het-az-elso-napok-es-tunetek","url":"https:\/\/krio.hu\/kismamavilag\/terhessegi-naptar\/1-terhessegi-het-az-elso-napok-es-tunetek","name":"1. terhess\u00e9gi h\u00e9t: Az els\u0151 napok \u00e9s t\u00fcnetek\u00a0","isPartOf":{"@id":"https:\/\/krio.hu\/#website"},"primaryImageOfPage":{"@id":"https:\/\/krio.hu\/kismamavilag\/terhessegi-naptar\/1-terhessegi-het-az-elso-napok-es-tunetek#primaryimage"},"image":{"@id":"https:\/\/krio.hu\/kismamavilag\/terhessegi-naptar\/1-terhessegi-het-az-elso-napok-es-tunetek#primaryimage"},"thumbnailUrl":"https:\/\/krio.hu\/wp-content\/uploads\/2026\/03\/1_terhessegi_het.webp","datePublished":"2026-03-31T09:12:58+00:00","dateModified":"2026-04-08T12:54:45+00:00","description":"Hogyan sz\u00e1molj\u00e1k az orvosok a terhess\u00e9get? Tudd meg, mi t\u00f6rt\u00e9nik az 1. h\u00e9ten, mi\u00e9rt fontos a folsavp\u00f3tl\u00e1s \u00e9s hogyan k\u00e9sz\u00fcl fel a tested a fogantat\u00e1sra.","breadcrumb":{"@id":"https:\/\/krio.hu\/kismamavilag\/terhessegi-naptar\/1-terhessegi-het-az-elso-napok-es-tunetek#breadcrumb"},"mainEntity":[{"@id":"https:\/\/krio.hu\/kismamavilag\/terhessegi-naptar\/1-terhessegi-het-az-elso-napok-es-tunetek#faq-question-1774947992008"},{"@id":"https:\/\/krio.hu\/kismamavilag\/terhessegi-naptar\/1-terhessegi-het-az-elso-napok-es-tunetek#faq-question-1774948005513"},{"@id":"https:\/\/krio.hu\/kismamavilag\/terhessegi-naptar\/1-terhessegi-het-az-elso-napok-es-tunetek#faq-question-1774948018996"}],"inLanguage":"hu","potentialAction":[{"@type":"ReadAction","target":["https:\/\/krio.hu\/kismamavilag\/terhessegi-naptar\/1-terhessegi-het-az-elso-napok-es-tunetek"]}]},{"@type":"ImageObject","inLanguage":"hu","@id":"https:\/\/krio.hu\/kismamavilag\/terhessegi-naptar\/1-terhessegi-het-az-elso-napok-es-tunetek#primaryimage","url":"https:\/\/krio.hu\/wp-content\/uploads\/2026\/03\/1_terhessegi_het.webp","contentUrl":"https:\/\/krio.hu\/wp-content\/uploads\/2026\/03\/1_terhessegi_het.webp","width":640,"height":427,"caption":"1-terhessegi-het-az-elso-napok-es-tunetek"},{"@type":"BreadcrumbList","@id":"https:\/\/krio.hu\/kismamavilag\/terhessegi-naptar\/1-terhessegi-het-az-elso-napok-es-tunetek#breadcrumb","itemListElement":[{"@type":"ListItem","position":1,"name":"Kezd\u0151lap","item":"https:\/\/krio.hu\/"},{"@type":"ListItem","position":2,"name":"Kismamavil\u00e1g","item":"https:\/\/krio.hu\/kismamavilag\/%pregnancy_zone_category%"},{"@type":"ListItem","position":3,"name":"Terhess\u00e9gi napt\u00e1r","item":"https:\/\/krio.hu\/kismamavilag\/terhessegi-naptar"},{"@type":"ListItem","position":4,"name":"A terhess\u00e9g 1. hete: Az els\u0151 napok \u00e9s t\u00fcnetek\u00a0"}]},{"@type":"WebSite","@id":"https:\/\/krio.hu\/#website","url":"https:\/\/krio.hu\/","name":"K\u00f6ss\u00f6n a Krio Int\u00e9zetn\u00e9l \u0151ssejtt\u00e1rol\u00e1si csomagot kedvezm\u00e9nyes \u00e1ron","description":"","potentialAction":[{"@type":"SearchAction","target":{"@type":"EntryPoint","urlTemplate":"https:\/\/krio.hu\/?s={search_term_string}"},"query-input":{"@type":"PropertyValueSpecification","valueRequired":true,"valueName":"search_term_string"}}],"inLanguage":"hu"},{"@type":"Question","@id":"https:\/\/krio.hu\/kismamavilag\/terhessegi-naptar\/1-terhessegi-het-az-elso-napok-es-tunetek#faq-question-1774947992008","position":1,"url":"https:\/\/krio.hu\/kismamavilag\/terhessegi-naptar\/1-terhessegi-het-az-elso-napok-es-tunetek#faq-question-1774947992008","name":"1. Mikort\u00f3l sz\u00e1moljuk az 1. terhess\u00e9gi hetet?\u00a0\u00a0","answerCount":1,"acceptedAnswer":{"@type":"Answer","text":"Az, hogy mikor van az 1. terhess\u00e9gi h\u00e9t, az orvosi hagyom\u00e1nyb\u00f3l ered \u2013 elfogadott, hogy az els\u0151 h\u00e9t az utols\u00f3 menstru\u00e1ci\u00f3 els\u0151 napj\u00e1t\u00f3l sz\u00e1m\u00edtott id\u0151szak. B\u00e1r biol\u00f3giailag ez m\u00e9g nem terhess\u00e9g, hivatalosan ekkort\u00f3l kezdik sz\u00e1molni.\u00a0","inLanguage":"hu"},"inLanguage":"hu"},{"@type":"Question","@id":"https:\/\/krio.hu\/kismamavilag\/terhessegi-naptar\/1-terhessegi-het-az-elso-napok-es-tunetek#faq-question-1774948005513","position":2,"url":"https:\/\/krio.hu\/kismamavilag\/terhessegi-naptar\/1-terhessegi-het-az-elso-napok-es-tunetek#faq-question-1774948005513","name":"2. 1. terhess\u00e9gi h\u00e9t \u2013 milyen\u00a0hCG\u00a0szint v\u00e1rhat\u00f3?\u00a0\u00a0","answerCount":1,"acceptedAnswer":{"@type":"Answer","text":"A terhess\u00e9g ilyen korai szakasz\u00e1ban a b\u00e9ta-hCG\u00a0hormon koncentr\u00e1ci\u00f3ja t\u00fal alacsony ahhoz, hogy megb\u00edzhat\u00f3 diagnosztikai eszk\u00f6zk\u00e9nt szolg\u00e1ljon. Az els\u0151 h\u00e9ten m\u00e9g sem a megterm\u00e9keny\u00edt\u00e9s, sem az embri\u00f3 be\u00e1gyaz\u00f3d\u00e1sa nem t\u00f6rt\u00e9nik meg, ez\u00e9rt a\u00a0hCG\u00a0szint kimutathatatlan vagy nagyon alacsony marad.\u00a0","inLanguage":"hu"},"inLanguage":"hu"},{"@type":"Question","@id":"https:\/\/krio.hu\/kismamavilag\/terhessegi-naptar\/1-terhessegi-het-az-elso-napok-es-tunetek#faq-question-1774948018996","position":3,"url":"https:\/\/krio.hu\/kismamavilag\/terhessegi-naptar\/1-terhessegi-het-az-elso-napok-es-tunetek#faq-question-1774948018996","name":"3. Sz\u00fcks\u00e9ges-e megv\u00e1ltoztatni a mindennapi szok\u00e1sokat a terhess\u00e9g els\u0151 het\u00e9ben?\u00a0\u00a0","answerCount":1,"acceptedAnswer":{"@type":"Answer","text":"Ebben a szakaszban m\u00e9g nincs sz\u00fcks\u00e9g radik\u00e1lis v\u00e1ltoztat\u00e1sokra a mindennapi \u00e9letm\u00f3dban, de \u00e9rdemes fel\u00fclb\u00edr\u00e1lni a szok\u00e1saidat. Az eg\u00e9szs\u00e9gesebb \u00e9trend bevezet\u00e9se, a k\u00e1ros szenved\u00e9lyek ker\u00fcl\u00e9se \u00e9s a rendszeres alv\u00e1s mindig j\u00f3 d\u00f6nt\u00e9s. Ezek a l\u00e9p\u00e9sek pozit\u00edvan befoly\u00e1solhatj\u00e1k a terhess\u00e9g tov\u00e1bbi menet\u00e9t, amennyiben sor ker\u00fcl a fogantat\u00e1sra.\u00a0","inLanguage":"hu"},"inLanguage":"hu"}]}},"acf":[],"gutenberg_blocks":[{"blockName":"custom-styles","attrs":{"styles":""}},{"blockName":"core\/paragraph","attrs":{"className":"","epAnimationGeneratedClass":"edplus_anim-Gfl1VO","epGeneratedClass":"eplus-wrapper"},"innerBlocks":[],"innerHTML":"\n<p class=\" eplus-wrapper\">Az orvosok \u00e1ltal alkalmazott hagyom\u00e1nyos sz\u00e1m\u00edt\u00e1si m\u00f3dszer szerint a terhess\u00e9g id\u0151tartam\u00e1ba beletartozik a fogantat\u00e1s el\u0151tti id\u0151szak is \u2013 az utols\u00f3 menstru\u00e1ci\u00f3 els\u0151 napj\u00e1t\u00f3l sz\u00e1m\u00edtva. Az 1. terhess\u00e9gi h\u00e9t teh\u00e1t m\u00e9g nem mutathat tipikus terhess\u00e9gi jeleket. Ennek ellen\u00e9re a n\u0151i testben m\u00e1r sz\u00e1mos folyamat zajlik, amely felk\u00e9sz\u00edti a szervezetet az \u00faj \u00e9let potenci\u00e1lis fejl\u0151d\u00e9s\u00e9re. Hogyan n\u00e9znek ki a terhess\u00e9g els\u0151 napjai? Milyen vizsg\u00e1latokat \u00e9rdemes elv\u00e9gezni, \u00e9s hogyan vigy\u00e1zzunk magunkra? Al\u00e1bb v\u00e1laszolunk!&nbsp;<\/p>\n","innerContent":["\n<p class=\" eplus-wrapper\">Az orvosok \u00e1ltal alkalmazott hagyom\u00e1nyos sz\u00e1m\u00edt\u00e1si m\u00f3dszer szerint a terhess\u00e9g id\u0151tartam\u00e1ba beletartozik a fogantat\u00e1s el\u0151tti id\u0151szak is \u2013 az utols\u00f3 menstru\u00e1ci\u00f3 els\u0151 napj\u00e1t\u00f3l sz\u00e1m\u00edtva. Az 1. terhess\u00e9gi h\u00e9t teh\u00e1t m\u00e9g nem mutathat tipikus terhess\u00e9gi jeleket. Ennek ellen\u00e9re a n\u0151i testben m\u00e1r sz\u00e1mos folyamat zajlik, amely felk\u00e9sz\u00edti a szervezetet az \u00faj \u00e9let potenci\u00e1lis fejl\u0151d\u00e9s\u00e9re. Hogyan n\u00e9znek ki a terhess\u00e9g els\u0151 napjai? Milyen vizsg\u00e1latokat \u00e9rdemes elv\u00e9gezni, \u00e9s hogyan vigy\u00e1zzunk magunkra? Al\u00e1bb v\u00e1laszolunk!&nbsp;<\/p>\n"]},{"blockName":"core\/heading","attrs":{"className":"","epAnimationGeneratedClass":"edplus_anim-Kt0a7B","epGeneratedClass":"eplus-wrapper"},"innerBlocks":[],"innerHTML":"\n<h2 class=\" wp-block-heading eplus-wrapper\">Hogyan sz\u00e1moljuk az 1. terhess\u00e9gi hetet?&nbsp;<\/h2>\n","innerContent":["\n<h2 class=\" wp-block-heading eplus-wrapper\">Hogyan sz\u00e1moljuk az 1. terhess\u00e9gi hetet?&nbsp;<\/h2>\n"]},{"blockName":"core\/paragraph","attrs":{"className":"","epAnimationGeneratedClass":"edplus_anim-KlqOi3","epGeneratedClass":"eplus-wrapper"},"innerBlocks":[],"innerHTML":"\n<p class=\" eplus-wrapper\">Az, hogy mikort\u00f3l sz\u00e1m\u00edtjuk az 1. terhess\u00e9gi hetet, a n\u0151gy\u00f3gy\u00e1szok meg\u00e1llapod\u00e1s\u00e1n alapul, \u00e9s nem a fogantat\u00e1s pillanata hat\u00e1rozza meg.&nbsp;<strong>A terhess\u00e9g els\u0151 napja az utols\u00f3 menstru\u00e1ci\u00f3 els\u0151 napja.<\/strong>&nbsp;Ekkor kezd\u0151dik a terhess\u00e9gi hetek hivatalos sz\u00e1mol\u00e1sa \u2013 m\u00e9g akkor is, ha a t\u00e9nyleges megterm\u00e9keny\u00edt\u00e9s&nbsp;ekkor&nbsp;m\u00e9g nem t\u00f6rt\u00e9nt meg. Ezt a m\u00f3dszert az\u00e9rt alkalmazz\u00e1k, mert a fogantat\u00e1s pontos id\u0151pontj\u00e1nak meghat\u00e1roz\u00e1sa a legt\u00f6bb esetben lehetetlen. Ez\u00e9rt referenciapontk\u00e9nt azt a d\u00e1tumot haszn\u00e1lj\u00e1k, amelyet a legt\u00f6bb n\u0151 nagy pontoss\u00e1ggal meg tud jel\u00f6lni \u2013 vagyis az utols\u00f3 menstru\u00e1ci\u00f3 els\u0151 napj\u00e1t.&nbsp;<\/p>\n","innerContent":["\n<p class=\" eplus-wrapper\">Az, hogy mikort\u00f3l sz\u00e1m\u00edtjuk az 1. terhess\u00e9gi hetet, a n\u0151gy\u00f3gy\u00e1szok meg\u00e1llapod\u00e1s\u00e1n alapul, \u00e9s nem a fogantat\u00e1s pillanata hat\u00e1rozza meg.&nbsp;<strong>A terhess\u00e9g els\u0151 napja az utols\u00f3 menstru\u00e1ci\u00f3 els\u0151 napja.<\/strong>&nbsp;Ekkor kezd\u0151dik a terhess\u00e9gi hetek hivatalos sz\u00e1mol\u00e1sa \u2013 m\u00e9g akkor is, ha a t\u00e9nyleges megterm\u00e9keny\u00edt\u00e9s&nbsp;ekkor&nbsp;m\u00e9g nem t\u00f6rt\u00e9nt meg. Ezt a m\u00f3dszert az\u00e9rt alkalmazz\u00e1k, mert a fogantat\u00e1s pontos id\u0151pontj\u00e1nak meghat\u00e1roz\u00e1sa a legt\u00f6bb esetben lehetetlen. Ez\u00e9rt referenciapontk\u00e9nt azt a d\u00e1tumot haszn\u00e1lj\u00e1k, amelyet a legt\u00f6bb n\u0151 nagy pontoss\u00e1ggal meg tud jel\u00f6lni \u2013 vagyis az utols\u00f3 menstru\u00e1ci\u00f3 els\u0151 napj\u00e1t.&nbsp;<\/p>\n"]},{"blockName":"core\/paragraph","attrs":{"className":"","epAnimationGeneratedClass":"edplus_anim-QgrWqm","epGeneratedClass":"eplus-wrapper"},"innerBlocks":[],"innerHTML":"\n<p class=\" eplus-wrapper\">Az ovul\u00e1ci\u00f3 az a pillanat, amikor a petef\u00e9szek t\u00fcsz\u0151je kibocs\u00e1t egy \u00e9rett petesejtet. A ciklusnak ebben a szakasz\u00e1ban a petesejt k\u00e9szen \u00e1ll a megterm\u00e9keny\u00edt\u00e9sre, ami a legterm\u00e9kenyebb id\u0151szak kezdet\u00e9t jelenti. Ha ez id\u0151 alatt a petesejt egyes\u00fcl a h\u00edmivarsejttel, l\u00e9trej\u00f6het az embri\u00f3 \u00e9s a terhess\u00e9g tov\u00e1bbi&nbsp;szakaszai.&nbsp;<\/p>\n","innerContent":["\n<p class=\" eplus-wrapper\">Az ovul\u00e1ci\u00f3 az a pillanat, amikor a petef\u00e9szek t\u00fcsz\u0151je kibocs\u00e1t egy \u00e9rett petesejtet. A ciklusnak ebben a szakasz\u00e1ban a petesejt k\u00e9szen \u00e1ll a megterm\u00e9keny\u00edt\u00e9sre, ami a legterm\u00e9kenyebb id\u0151szak kezdet\u00e9t jelenti. Ha ez id\u0151 alatt a petesejt egyes\u00fcl a h\u00edmivarsejttel, l\u00e9trej\u00f6het az embri\u00f3 \u00e9s a terhess\u00e9g tov\u00e1bbi&nbsp;szakaszai.&nbsp;<\/p>\n"]},{"blockName":"core\/heading","attrs":{"className":"","epAnimationGeneratedClass":"edplus_anim-569F2b","epGeneratedClass":"eplus-wrapper"},"innerBlocks":[],"innerHTML":"\n<h2 class=\" wp-block-heading eplus-wrapper\">1. terhess\u00e9gi h\u00e9t \u2013 mi t\u00f6rt\u00e9nik ilyenkor?&nbsp;<\/h2>\n","innerContent":["\n<h2 class=\" wp-block-heading eplus-wrapper\">1. terhess\u00e9gi h\u00e9t \u2013 mi t\u00f6rt\u00e9nik ilyenkor?&nbsp;<\/h2>\n"]},{"blockName":"core\/paragraph","attrs":{"className":"","epAnimationGeneratedClass":"edplus_anim-nMPemj","epGeneratedClass":"eplus-wrapper"},"innerBlocks":[],"innerHTML":"\n<p class=\" eplus-wrapper\">A n\u0151i szervezet m\u00e1r a ciklus els\u0151 napjait\u00f3l kezdve \u00e1talakul. A menstru\u00e1ci\u00f3 alatt lev\u00e1lik az endometrium \u2013 a m\u00e9hny\u00e1lkah\u00e1rtya, amely az el\u0151z\u0151 ciklusban \u00e9p\u00fclt fel, de nem hasznosult a megterm\u00e9keny\u00edtett petesejt befogad\u00e1s\u00e1ra. Ennek k\u00f6sz\u00f6nhet\u0151en a k\u00f6vetkez\u0151 napokban megkezd\u0151dhet a m\u00e9hny\u00e1lkah\u00e1rtya \u00fajj\u00e1\u00e9p\u00fcl\u00e9si folyamata, hogy ism\u00e9t k\u00e9szen \u00e1lljon a megterm\u00e9keny\u00edtett petesejt potenci\u00e1lis be\u00e1gyaz\u00f3d\u00e1s\u00e1ra (implant\u00e1ci\u00f3j\u00e1ra).&nbsp;<\/p>\n","innerContent":["\n<p class=\" eplus-wrapper\">A n\u0151i szervezet m\u00e1r a ciklus els\u0151 napjait\u00f3l kezdve \u00e1talakul. A menstru\u00e1ci\u00f3 alatt lev\u00e1lik az endometrium \u2013 a m\u00e9hny\u00e1lkah\u00e1rtya, amely az el\u0151z\u0151 ciklusban \u00e9p\u00fclt fel, de nem hasznosult a megterm\u00e9keny\u00edtett petesejt befogad\u00e1s\u00e1ra. Ennek k\u00f6sz\u00f6nhet\u0151en a k\u00f6vetkez\u0151 napokban megkezd\u0151dhet a m\u00e9hny\u00e1lkah\u00e1rtya \u00fajj\u00e1\u00e9p\u00fcl\u00e9si folyamata, hogy ism\u00e9t k\u00e9szen \u00e1lljon a megterm\u00e9keny\u00edtett petesejt potenci\u00e1lis be\u00e1gyaz\u00f3d\u00e1s\u00e1ra (implant\u00e1ci\u00f3j\u00e1ra).&nbsp;<\/p>\n"]},{"blockName":"core\/paragraph","attrs":{"className":"","epAnimationGeneratedClass":"edplus_anim-1xcHdg","epGeneratedClass":"eplus-wrapper"},"innerBlocks":[],"innerHTML":"\n<p class=\" eplus-wrapper\">Ezzel egyidej\u0171leg a petef\u00e9szkekben&nbsp;Graaf-t\u00fcsz\u0151k fejl\u0151dnek. Az egyik\u00fck domin\u00e1nss\u00e1 v\u00e1lik, \u00e9s felk\u00e9sz\u00fcl a petesejt kibocs\u00e1t\u00e1s\u00e1ra az ovul\u00e1ci\u00f3 sor\u00e1n. A ciklusnak ez a f\u00e1zisa k\u00fcl\u00f6n\u00f6sen fontos, mivel a m\u00e9hben \u00fajj\u00e1\u00e9p\u00fclt&nbsp;endometrium&nbsp;vastags\u00e1ga \u00e9s min\u0151s\u00e9ge hat\u00e1rozza meg, hogy lehets\u00e9ges-e az embri\u00f3 be\u00e1gyaz\u00f3d\u00e1sa. A szervezet m\u00e1r most megteremti azokat a felt\u00e9teleket,&nbsp;amelyek lehet\u0151v\u00e9 tehetik a terhess\u00e9g kialakul\u00e1s\u00e1t&nbsp;a k\u00f6vetkez\u0151 napokban.&nbsp;<\/p>\n","innerContent":["\n<p class=\" eplus-wrapper\">Ezzel egyidej\u0171leg a petef\u00e9szkekben&nbsp;Graaf-t\u00fcsz\u0151k fejl\u0151dnek. Az egyik\u00fck domin\u00e1nss\u00e1 v\u00e1lik, \u00e9s felk\u00e9sz\u00fcl a petesejt kibocs\u00e1t\u00e1s\u00e1ra az ovul\u00e1ci\u00f3 sor\u00e1n. A ciklusnak ez a f\u00e1zisa k\u00fcl\u00f6n\u00f6sen fontos, mivel a m\u00e9hben \u00fajj\u00e1\u00e9p\u00fclt&nbsp;endometrium&nbsp;vastags\u00e1ga \u00e9s min\u0151s\u00e9ge hat\u00e1rozza meg, hogy lehets\u00e9ges-e az embri\u00f3 be\u00e1gyaz\u00f3d\u00e1sa. A szervezet m\u00e1r most megteremti azokat a felt\u00e9teleket,&nbsp;amelyek lehet\u0151v\u00e9 tehetik a terhess\u00e9g kialakul\u00e1s\u00e1t&nbsp;a k\u00f6vetkez\u0151 napokban.&nbsp;<\/p>\n"]},{"blockName":"core\/heading","attrs":{"className":"","epAnimationGeneratedClass":"edplus_anim-mt64WE","epGeneratedClass":"eplus-wrapper"},"innerBlocks":[],"innerHTML":"\n<h2 class=\" wp-block-heading eplus-wrapper\">Els\u0151 napok&nbsp;&nbsp;<\/h2>\n","innerContent":["\n<h2 class=\" wp-block-heading eplus-wrapper\">Els\u0151 napok&nbsp;&nbsp;<\/h2>\n"]},{"blockName":"core\/paragraph","attrs":{"className":"","epAnimationGeneratedClass":"edplus_anim-OWy27S","epGeneratedClass":"eplus-wrapper"},"innerBlocks":[],"innerHTML":"\n<p class=\" eplus-wrapper\">K\u00edv\u00fclr\u0151l a test semmilyen v\u00e1ltoz\u00e1st nem mutat. A terhess\u00e9g els\u0151 het\u00e9ben a has pontosan \u00fagy n\u00e9z ki, mint b\u00e1rmely norm\u00e1l ciklus adott id\u0151szak\u00e1ban. Mind a m\u00e9h, mind az esetleges embri\u00f3 \u2013 ha sor ker\u00fcl a fogantat\u00e1sra \u2013 m\u00e9g t\u00fal kicsi ahhoz, hogy b\u00e1rmilyen l\u00e1that\u00f3 reakci\u00f3t v\u00e1ltson ki a szervezetb\u0151l.&nbsp;<\/p>\n","innerContent":["\n<p class=\" eplus-wrapper\">K\u00edv\u00fclr\u0151l a test semmilyen v\u00e1ltoz\u00e1st nem mutat. A terhess\u00e9g els\u0151 het\u00e9ben a has pontosan \u00fagy n\u00e9z ki, mint b\u00e1rmely norm\u00e1l ciklus adott id\u0151szak\u00e1ban. Mind a m\u00e9h, mind az esetleges embri\u00f3 \u2013 ha sor ker\u00fcl a fogantat\u00e1sra \u2013 m\u00e9g t\u00fal kicsi ahhoz, hogy b\u00e1rmilyen l\u00e1that\u00f3 reakci\u00f3t v\u00e1ltson ki a szervezetb\u0151l.&nbsp;<\/p>\n"]},{"blockName":"core\/paragraph","attrs":{"className":"","epAnimationGeneratedClass":"edplus_anim-kKW66L","epGeneratedClass":"eplus-wrapper"},"innerBlocks":[],"innerHTML":"\n<p class=\" eplus-wrapper\">Ennek ellen\u00e9re n\u00e9h\u00e1ny n\u0151 tapasztalhat fizikai diszkomfortot. A puffad\u00e1s, a telts\u00e9g\u00e9rzet vagy a fesz\u00fcl\u00e9s a hasi t\u00e1j\u00e9kon a menstru\u00e1ci\u00f3ra jellemz\u0151 hormon\u00e1lis v\u00e1ltoz\u00e1sokb\u00f3l ad\u00f3dhat. Ezeket gyakran k\u00eds\u00e9rik a m\u00e9h simaizmainak \u00f6sszeh\u00faz\u00f3d\u00e1s\u00e1b\u00f3l ered\u0151 hasi f\u00e1jdalmak. Az ilyen t\u00fcnetek term\u00e9szetesek, \u00e9s nem a terhess\u00e9g jelei, hanem a ciklikus folyamatok eredm\u00e9nyek\u00e9nt a testben zajl\u00f3 v\u00e1ltoz\u00e1sok\u00e9. Ezzel szemben a&nbsp;<strong>terhess\u00e9g els\u0151 t\u00fcnetei<\/strong>&nbsp;legkor\u00e1bban a fogantat\u00e1s ut\u00e1ni 1. vagy 2. h\u00e9ten, azaz a terhess\u00e9g 3. vagy 4. het\u00e9ben \u00e9szlelhet\u0151k.&nbsp;<\/p>\n","innerContent":["\n<p class=\" eplus-wrapper\">Ennek ellen\u00e9re n\u00e9h\u00e1ny n\u0151 tapasztalhat fizikai diszkomfortot. A puffad\u00e1s, a telts\u00e9g\u00e9rzet vagy a fesz\u00fcl\u00e9s a hasi t\u00e1j\u00e9kon a menstru\u00e1ci\u00f3ra jellemz\u0151 hormon\u00e1lis v\u00e1ltoz\u00e1sokb\u00f3l ad\u00f3dhat. Ezeket gyakran k\u00eds\u00e9rik a m\u00e9h simaizmainak \u00f6sszeh\u00faz\u00f3d\u00e1s\u00e1b\u00f3l ered\u0151 hasi f\u00e1jdalmak. Az ilyen t\u00fcnetek term\u00e9szetesek, \u00e9s nem a terhess\u00e9g jelei, hanem a ciklikus folyamatok eredm\u00e9nyek\u00e9nt a testben zajl\u00f3 v\u00e1ltoz\u00e1sok\u00e9. Ezzel szemben a&nbsp;<strong>terhess\u00e9g els\u0151 t\u00fcnetei<\/strong>&nbsp;legkor\u00e1bban a fogantat\u00e1s ut\u00e1ni 1. vagy 2. h\u00e9ten, azaz a terhess\u00e9g 3. vagy 4. het\u00e9ben \u00e9szlelhet\u0151k.&nbsp;<\/p>\n"]},{"blockName":"core\/heading","attrs":{"className":"","epAnimationGeneratedClass":"edplus_anim-TMxM4T","epGeneratedClass":"eplus-wrapper"},"innerBlocks":[],"innerHTML":"\n<h2 class=\" wp-block-heading eplus-wrapper\">A terhess\u00e9g leggyakoribb t\u00fcnetei \u2013 els\u0151 h\u00e9t&nbsp;<\/h2>\n","innerContent":["\n<h2 class=\" wp-block-heading eplus-wrapper\">A terhess\u00e9g leggyakoribb t\u00fcnetei \u2013 els\u0151 h\u00e9t&nbsp;<\/h2>\n"]},{"blockName":"core\/paragraph","attrs":{"className":"","epAnimationGeneratedClass":"edplus_anim-hAWVoL","epGeneratedClass":"eplus-wrapper"},"innerBlocks":[],"innerHTML":"\n<p class=\" eplus-wrapper\">A fogantat\u00e1s ut\u00e1ni els\u0151 h\u00e9ten neh\u00e9z egy\u00e9rtelm\u0171 terhess\u00e9gi t\u00fcnetekr\u0151l besz\u00e9lni. Ez m\u00e9g t\u00fal korai id\u0151pont ahhoz, hogy a szervezet vil\u00e1gos jelz\u00e9seket k\u00fcldj\u00f6n. Gyakran csak a v\u00e1rt menstru\u00e1ci\u00f3 elmarad\u00e1sa&nbsp;utal&nbsp;a terhess\u00e9g lehet\u0151s\u00e9g\u00e9re \u2013 k\u00fcl\u00f6n\u00f6sen, ha addig rendszeresek voltak a ciklusok. Egy\u00e9b panaszok, mint p\u00e9ld\u00e1ul a f\u00e1radts\u00e1g vagy a mellek \u00e9rz\u00e9kenys\u00e9ge, \u00e1ltal\u00e1ban valamivel k\u00e9s\u0151bb jelentkeznek.&nbsp;<\/p>\n","innerContent":["\n<p class=\" eplus-wrapper\">A fogantat\u00e1s ut\u00e1ni els\u0151 h\u00e9ten neh\u00e9z egy\u00e9rtelm\u0171 terhess\u00e9gi t\u00fcnetekr\u0151l besz\u00e9lni. Ez m\u00e9g t\u00fal korai id\u0151pont ahhoz, hogy a szervezet vil\u00e1gos jelz\u00e9seket k\u00fcldj\u00f6n. Gyakran csak a v\u00e1rt menstru\u00e1ci\u00f3 elmarad\u00e1sa&nbsp;utal&nbsp;a terhess\u00e9g lehet\u0151s\u00e9g\u00e9re \u2013 k\u00fcl\u00f6n\u00f6sen, ha addig rendszeresek voltak a ciklusok. Egy\u00e9b panaszok, mint p\u00e9ld\u00e1ul a f\u00e1radts\u00e1g vagy a mellek \u00e9rz\u00e9kenys\u00e9ge, \u00e1ltal\u00e1ban valamivel k\u00e9s\u0151bb jelentkeznek.&nbsp;<\/p>\n"]},{"blockName":"core\/paragraph","attrs":{"className":"","epAnimationGeneratedClass":"edplus_anim-av7uLE","epGeneratedClass":"eplus-wrapper"},"innerBlocks":[],"innerHTML":"\n<p class=\" eplus-wrapper\">A h\u00fcvelyi v\u00e1lad\u00e9k mennyis\u00e9g\u00e9nek v\u00e1ltoz\u00e1sa csak a k\u00e9s\u0151bbi hetekben k\u00f6vetkezik be, ha megt\u00f6rt\u00e9nt a fogantat\u00e1s \u2013 a terhess\u00e9g alatti foly\u00e1s term\u00e9szetes jelens\u00e9g. El\u0151fordulhat az is, hogy a n\u0151k enyhe v\u00e9rz\u00e9st vagy pecs\u00e9tel\u00e9st \u00e9szlelnek a korai terhess\u00e9g szakasz\u00e1ban. Minden esetben \u00e9rdemes orvossal konzult\u00e1lni a nyugtalan\u00edt\u00f3 t\u00fcnetekr\u0151l \u2013 k\u00fcl\u00f6n\u00f6sen a szokatlan sz\u00edn\u0171, szag\u00fa vagy egy\u00e9b panaszokkal j\u00e1r\u00f3 foly\u00e1s eset\u00e9n.&nbsp;<\/p>\n","innerContent":["\n<p class=\" eplus-wrapper\">A h\u00fcvelyi v\u00e1lad\u00e9k mennyis\u00e9g\u00e9nek v\u00e1ltoz\u00e1sa csak a k\u00e9s\u0151bbi hetekben k\u00f6vetkezik be, ha megt\u00f6rt\u00e9nt a fogantat\u00e1s \u2013 a terhess\u00e9g alatti foly\u00e1s term\u00e9szetes jelens\u00e9g. El\u0151fordulhat az is, hogy a n\u0151k enyhe v\u00e9rz\u00e9st vagy pecs\u00e9tel\u00e9st \u00e9szlelnek a korai terhess\u00e9g szakasz\u00e1ban. Minden esetben \u00e9rdemes orvossal konzult\u00e1lni a nyugtalan\u00edt\u00f3 t\u00fcnetekr\u0151l \u2013 k\u00fcl\u00f6n\u00f6sen a szokatlan sz\u00edn\u0171, szag\u00fa vagy egy\u00e9b panaszokkal j\u00e1r\u00f3 foly\u00e1s eset\u00e9n.&nbsp;<\/p>\n"]},{"blockName":"core\/heading","attrs":{"className":"","epAnimationGeneratedClass":"edplus_anim-6pETJ4","epGeneratedClass":"eplus-wrapper"},"innerBlocks":[],"innerHTML":"\n<h2 class=\" wp-block-heading eplus-wrapper\">Els\u0151 terhess\u00e9gi h\u00e9t, t\u00fcnetek \u2013 hogyan vigy\u00e1zzunk magunkra?&nbsp;<\/h2>\n","innerContent":["\n<h2 class=\" wp-block-heading eplus-wrapper\">Els\u0151 terhess\u00e9gi h\u00e9t, t\u00fcnetek \u2013 hogyan vigy\u00e1zzunk magunkra?&nbsp;<\/h2>\n"]},{"blockName":"core\/paragraph","attrs":{"className":"","epAnimationGeneratedClass":"edplus_anim-8hC70V","epGeneratedClass":"eplus-wrapper"},"innerBlocks":[],"innerHTML":"\n<p class=\" eplus-wrapper\">M\u00e1r a ciklus els\u0151 napjaiban \u00e9rdemes olyan szok\u00e1sokat bevezetni, amelyek kedveznek az eg\u00e9szs\u00e9gnek \u2013 mind a saj\u00e1todnak, mind a k\u00f6zelj\u00f6v\u0151ben potenci\u00e1lisan fejl\u0151d\u0151 magzat\u00e9nak. A gyermekv\u00e1llal\u00e1si pr\u00f3b\u00e1lkoz\u00e1sok id\u0151szak\u00e1ban&nbsp;<strong>hagyd el a k\u00e1ros szenved\u00e9lyeket, cs\u00f6kkentsd a stresszt<\/strong>, \u00e9s ford\u00edts k\u00fcl\u00f6n\u00f6s figyelmet a mindennapi szok\u00e1saidra. Sz\u00e1mos k\u00f6rnyezeti t\u00e9nyez\u0151 befoly\u00e1solja a fogantat\u00e1si k\u00e9pess\u00e9get, valamint a magzat fejl\u0151d\u00e9s\u00e9t a terhess\u00e9g alatt.&nbsp;<\/p>\n","innerContent":["\n<p class=\" eplus-wrapper\">M\u00e1r a ciklus els\u0151 napjaiban \u00e9rdemes olyan szok\u00e1sokat bevezetni, amelyek kedveznek az eg\u00e9szs\u00e9gnek \u2013 mind a saj\u00e1todnak, mind a k\u00f6zelj\u00f6v\u0151ben potenci\u00e1lisan fejl\u0151d\u0151 magzat\u00e9nak. A gyermekv\u00e1llal\u00e1si pr\u00f3b\u00e1lkoz\u00e1sok id\u0151szak\u00e1ban&nbsp;<strong>hagyd el a k\u00e1ros szenved\u00e9lyeket, cs\u00f6kkentsd a stresszt<\/strong>, \u00e9s ford\u00edts k\u00fcl\u00f6n\u00f6s figyelmet a mindennapi szok\u00e1saidra. Sz\u00e1mos k\u00f6rnyezeti t\u00e9nyez\u0151 befoly\u00e1solja a fogantat\u00e1si k\u00e9pess\u00e9get, valamint a magzat fejl\u0151d\u00e9s\u00e9t a terhess\u00e9g alatt.&nbsp;<\/p>\n"]},{"blockName":"core\/paragraph","attrs":{"className":"","epAnimationGeneratedClass":"edplus_anim-q5AQys","epGeneratedClass":"eplus-wrapper"},"innerBlocks":[],"innerHTML":"\n<p class=\" eplus-wrapper\">V\u00e1lassz friss, feldolgozatlan \u00e9s \u00e1sv\u00e1nyi anyagokban gazdag&nbsp;\u00e9lelmiszereket. Minden \u00e9tkez\u00e9s tartalmazzon egy adag z\u00f6lds\u00e9get \u2013 ezek a hormonh\u00e1ztart\u00e1st t\u00e1mogat\u00f3 vitaminok forr\u00e1sai. Ne mondj le a mozg\u00e1sr\u00f3l sem \u2013 a s\u00e9ta, az \u00fasz\u00e1s vagy a j\u00f3ga jav\u00edtja a kering\u00e9st \u00e9s seg\u00edt a ciklus szab\u00e1lyoz\u00e1s\u00e1ban. Ne feledd, hogy a terhess\u00e9g els\u0151 trimeszter\u00e9ben a fizikai aktivit\u00e1s lehets\u00e9ges \u00e9s aj\u00e1nlott, amennyiben nincs orvosi ellenjavallat.&nbsp;Mivel a sikeres fogantat\u00e1s \u00e9s az eg\u00e9szs\u00e9ges babav\u00e1r\u00e1s egyik alappill\u00e9re a tudatoss\u00e1g, \u00e9rdemes m\u00e1r most elkezdened a felk\u00e9sz\u00fcl\u00e9st <a href=\"https:\/\/ossejt.krio.hu\/golyavaro-sorozat\" type=\"link\" id=\"https:\/\/ossejt.krio.hu\/golyavaro-sorozat\">szak\u00e9rt\u0151i seg\u00edts\u00e9ggel<\/a>.<\/p>\n","innerContent":["\n<p class=\" eplus-wrapper\">V\u00e1lassz friss, feldolgozatlan \u00e9s \u00e1sv\u00e1nyi anyagokban gazdag&nbsp;\u00e9lelmiszereket. Minden \u00e9tkez\u00e9s tartalmazzon egy adag z\u00f6lds\u00e9get \u2013 ezek a hormonh\u00e1ztart\u00e1st t\u00e1mogat\u00f3 vitaminok forr\u00e1sai. Ne mondj le a mozg\u00e1sr\u00f3l sem \u2013 a s\u00e9ta, az \u00fasz\u00e1s vagy a j\u00f3ga jav\u00edtja a kering\u00e9st \u00e9s seg\u00edt a ciklus szab\u00e1lyoz\u00e1s\u00e1ban. Ne feledd, hogy a terhess\u00e9g els\u0151 trimeszter\u00e9ben a fizikai aktivit\u00e1s lehets\u00e9ges \u00e9s aj\u00e1nlott, amennyiben nincs orvosi ellenjavallat.&nbsp;Mivel a sikeres fogantat\u00e1s \u00e9s az eg\u00e9szs\u00e9ges babav\u00e1r\u00e1s egyik alappill\u00e9re a tudatoss\u00e1g, \u00e9rdemes m\u00e1r most elkezdened a felk\u00e9sz\u00fcl\u00e9st <a href=\"https:\/\/ossejt.krio.hu\/golyavaro-sorozat\" type=\"link\" id=\"https:\/\/ossejt.krio.hu\/golyavaro-sorozat\">szak\u00e9rt\u0151i seg\u00edts\u00e9ggel<\/a>.<\/p>\n"]},{"blockName":"core\/heading","attrs":{"className":"","epAnimationGeneratedClass":"edplus_anim-FIQGAl","epGeneratedClass":"eplus-wrapper"},"innerBlocks":[],"innerHTML":"\n<h2 class=\" wp-block-heading eplus-wrapper\">Terhess\u00e9gi t\u00fcnetek, 1. h\u00e9t \u2013 milyen vizsg\u00e1latokat \u00e9rdemes elv\u00e9gezni?&nbsp;<\/h2>\n","innerContent":["\n<h2 class=\" wp-block-heading eplus-wrapper\">Terhess\u00e9gi t\u00fcnetek, 1. h\u00e9t \u2013 milyen vizsg\u00e1latokat \u00e9rdemes elv\u00e9gezni?&nbsp;<\/h2>\n"]},{"blockName":"core\/paragraph","attrs":{"className":"","epAnimationGeneratedClass":"edplus_anim-LG1Rih","epGeneratedClass":"eplus-wrapper"},"innerBlocks":[],"innerHTML":"\n<p class=\" eplus-wrapper\">Hogyan k\u00e9sz\u00fclj\u00fcnk fel a terhess\u00e9gre? A terhess\u00e9g els\u0151 hete a gyakorlatban a fogantat\u00e1s el\u0151tti tizenegyn\u00e9h\u00e1ny nap, \u00e9s egyben az&nbsp;<strong>utols\u00f3 pillanat<\/strong>, hogy elv\u00e9gezd a terhess\u00e9g el\u0151tt javasolt \u00f6sszes fontos vizsg\u00e1latot.&nbsp;<\/p>\n","innerContent":["\n<p class=\" eplus-wrapper\">Hogyan k\u00e9sz\u00fclj\u00fcnk fel a terhess\u00e9gre? A terhess\u00e9g els\u0151 hete a gyakorlatban a fogantat\u00e1s el\u0151tti tizenegyn\u00e9h\u00e1ny nap, \u00e9s egyben az&nbsp;<strong>utols\u00f3 pillanat<\/strong>, hogy elv\u00e9gezd a terhess\u00e9g el\u0151tt javasolt \u00f6sszes fontos vizsg\u00e1latot.&nbsp;<\/p>\n"]},{"blockName":"core\/paragraph","attrs":{"className":"","epAnimationGeneratedClass":"edplus_anim-SOuYQU","epGeneratedClass":"eplus-wrapper"},"innerBlocks":[],"innerHTML":"\n<p class=\" eplus-wrapper\">Keresd fel h\u00e1ziorvosodat vagy&nbsp;<a href=\"https:\/\/nogyogyaszat.krio.hu\/\" target=\"_blank\" rel=\"noreferrer noopener\">n\u0151gy\u00f3gy\u00e1szodat<\/a>&nbsp;az alapvet\u0151 vizsg\u00e1latok egyeztet\u00e9se \u00e9s a terhess\u00e9g el\u0151tti k\u00f3rel\u0151zm\u00e9ny felv\u00e9tele c\u00e9lj\u00e1b\u00f3l. A terhess\u00e9g els\u0151 het\u00e9ben \u00e9rdemes elv\u00e9gezni az alapvet\u0151 v\u00e9r- \u00e9s vizeletvizsg\u00e1latokat, mint a v\u00e9rk\u00e9p, v\u00e9rcukorszint, m\u00e1jfunkci\u00f3 vagy \u00e1ltal\u00e1nos vizeletvizsg\u00e1lat. \u00c9rdemes ellen\u0151rizni a pajzsmirigyhormonok szintj\u00e9t is, mivel ezek zavarai befoly\u00e1solhatj\u00e1k a term\u00e9kenys\u00e9get. Ellen\u0151riztesd fogaid \u00e1llapot\u00e1t is \u2013 a kezeletlen szuvasod\u00e1s vagy az \u00ednygyullad\u00e1s n\u00f6veli a sz\u00f6v\u0151dm\u00e9nyek kock\u00e1zat\u00e1t a terhess\u00e9g alatt. Ha rendszeresen szedsz gy\u00f3gyszereket, egyeztess orvosoddal azok biztons\u00e1goss\u00e1g\u00e1r\u00f3l.&nbsp;<\/p>\n","innerContent":["\n<p class=\" eplus-wrapper\">Keresd fel h\u00e1ziorvosodat vagy&nbsp;<a href=\"https:\/\/nogyogyaszat.krio.hu\/\" target=\"_blank\" rel=\"noreferrer noopener\">n\u0151gy\u00f3gy\u00e1szodat<\/a>&nbsp;az alapvet\u0151 vizsg\u00e1latok egyeztet\u00e9se \u00e9s a terhess\u00e9g el\u0151tti k\u00f3rel\u0151zm\u00e9ny felv\u00e9tele c\u00e9lj\u00e1b\u00f3l. A terhess\u00e9g els\u0151 het\u00e9ben \u00e9rdemes elv\u00e9gezni az alapvet\u0151 v\u00e9r- \u00e9s vizeletvizsg\u00e1latokat, mint a v\u00e9rk\u00e9p, v\u00e9rcukorszint, m\u00e1jfunkci\u00f3 vagy \u00e1ltal\u00e1nos vizeletvizsg\u00e1lat. \u00c9rdemes ellen\u0151rizni a pajzsmirigyhormonok szintj\u00e9t is, mivel ezek zavarai befoly\u00e1solhatj\u00e1k a term\u00e9kenys\u00e9get. Ellen\u0151riztesd fogaid \u00e1llapot\u00e1t is \u2013 a kezeletlen szuvasod\u00e1s vagy az \u00ednygyullad\u00e1s n\u00f6veli a sz\u00f6v\u0151dm\u00e9nyek kock\u00e1zat\u00e1t a terhess\u00e9g alatt. Ha rendszeresen szedsz gy\u00f3gyszereket, egyeztess orvosoddal azok biztons\u00e1goss\u00e1g\u00e1r\u00f3l.&nbsp;<\/p>\n"]},{"blockName":"core\/heading","attrs":{"className":"","epAnimationGeneratedClass":"edplus_anim-ElmvcI","epGeneratedClass":"eplus-wrapper"},"innerBlocks":[],"innerHTML":"\n<h2 class=\" wp-block-heading eplus-wrapper\">1. terhes\u00e9gi h\u00e9t, t\u00fcnetek \u2013 milyen \u00e9trend-kieg\u00e9sz\u00edt\u0151ket haszn\u00e1ljunk?&nbsp;<\/h2>\n","innerContent":["\n<h2 class=\" wp-block-heading eplus-wrapper\">1. terhes\u00e9gi h\u00e9t, t\u00fcnetek \u2013 milyen \u00e9trend-kieg\u00e9sz\u00edt\u0151ket haszn\u00e1ljunk?&nbsp;<\/h2>\n"]},{"blockName":"core\/paragraph","attrs":{"className":"","epAnimationGeneratedClass":"edplus_anim-m7Kvvm","epGeneratedClass":"eplus-wrapper"},"innerBlocks":[],"innerHTML":"\n<p class=\" eplus-wrapper\">A megfelel\u0151en kiegyens\u00falyozott \u00e9trend az alap, de el\u0151fordulhat, hogy ez nem elegend\u0151 \u2013 ilyenkor \u00e9rdemes \u00e9trend-kieg\u00e9sz\u00edt\u0151kh\u00f6z ny\u00falni. Bizonyos k\u00e9sz\u00edtm\u00e9nyek m\u00e1r a terhess\u00e9g elej\u00e9t\u0151l javasoltak, m\u00e1sok csak annak meger\u0151s\u00edt\u00e9se ut\u00e1n. Az al\u00e1bbiakban bemutatjuk a legfontosabb t\u00e1mogat\u00f3 anyagokat, azonban a&nbsp;<strong>konkr\u00e9t k\u00e9sz\u00edtm\u00e9nyek \u00e9s adagok kiv\u00e1laszt\u00e1sa mindig szakember fel\u00fcgyelete mellett kell, hogy t\u00f6rt\u00e9njen.<\/strong>&nbsp;A v\u00e9gs\u0151 d\u00f6nt\u00e9st e tekintetben a terhesgondoz\u00e1st v\u00e9gz\u0151 orvos hozza meg \u2013 a laborat\u00f3riumi eredm\u00e9nyek \u00e9s a p\u00e1ciens egy\u00e9ni ig\u00e9nyei alapj\u00e1n.&nbsp;<\/p>\n","innerContent":["\n<p class=\" eplus-wrapper\">A megfelel\u0151en kiegyens\u00falyozott \u00e9trend az alap, de el\u0151fordulhat, hogy ez nem elegend\u0151 \u2013 ilyenkor \u00e9rdemes \u00e9trend-kieg\u00e9sz\u00edt\u0151kh\u00f6z ny\u00falni. Bizonyos k\u00e9sz\u00edtm\u00e9nyek m\u00e1r a terhess\u00e9g elej\u00e9t\u0151l javasoltak, m\u00e1sok csak annak meger\u0151s\u00edt\u00e9se ut\u00e1n. Az al\u00e1bbiakban bemutatjuk a legfontosabb t\u00e1mogat\u00f3 anyagokat, azonban a&nbsp;<strong>konkr\u00e9t k\u00e9sz\u00edtm\u00e9nyek \u00e9s adagok kiv\u00e1laszt\u00e1sa mindig szakember fel\u00fcgyelete mellett kell, hogy t\u00f6rt\u00e9njen.<\/strong>&nbsp;A v\u00e9gs\u0151 d\u00f6nt\u00e9st e tekintetben a terhesgondoz\u00e1st v\u00e9gz\u0151 orvos hozza meg \u2013 a laborat\u00f3riumi eredm\u00e9nyek \u00e9s a p\u00e1ciens egy\u00e9ni ig\u00e9nyei alapj\u00e1n.&nbsp;<\/p>\n"]},{"blockName":"core\/heading","attrs":{"level":3,"className":"","epAnimationGeneratedClass":"edplus_anim-Ca8jex","epGeneratedClass":"eplus-wrapper"},"innerBlocks":[],"innerHTML":"\n<h3 class=\" wp-block-heading eplus-wrapper\"><strong>Folsav<\/strong>&nbsp;&nbsp;<\/h3>\n","innerContent":["\n<h3 class=\" wp-block-heading eplus-wrapper\"><strong>Folsav<\/strong>&nbsp;&nbsp;<\/h3>\n"]},{"blockName":"core\/paragraph","attrs":{"className":"","epAnimationGeneratedClass":"edplus_anim-CG6V1h","epGeneratedClass":"eplus-wrapper"},"innerBlocks":[],"innerHTML":"\n<p class=\" eplus-wrapper\">A folsavp\u00f3tl\u00e1s m\u00e1r a gyermek tervez\u00e9s\u00e9nek szakasz\u00e1ban alapvet\u0151 fontoss\u00e1g\u00fa. Ez a B-vitamin-csoportba tartoz\u00f3 vegy\u00fclet jelent\u0151s szerepet j\u00e1tszik a sejtoszt\u00f3d\u00e1s folyamat\u00e1ban \u00e9s a fejl\u0151d\u0151 embri\u00f3 vel\u0151cs\u00f6v\u00e9nek kialakul\u00e1s\u00e1ban. Az aj\u00e1nlott adag napi 400&nbsp;mikrogramm, ide\u00e1lis esetben legal\u00e1bb egy h\u00f3nappal a potenci\u00e1lis fogantat\u00e1s el\u0151tt. A folsav haszn\u00e1lata a terhess\u00e9g alatt jelent\u0151sen cs\u00f6kkenti a s\u00falyos fejl\u0151d\u00e9si rendelleness\u00e9gek, p\u00e9ld\u00e1ul a nyitott gerinc vagy az agyhi\u00e1ny kock\u00e1zat\u00e1t.&nbsp;<\/p>\n","innerContent":["\n<p class=\" eplus-wrapper\">A folsavp\u00f3tl\u00e1s m\u00e1r a gyermek tervez\u00e9s\u00e9nek szakasz\u00e1ban alapvet\u0151 fontoss\u00e1g\u00fa. Ez a B-vitamin-csoportba tartoz\u00f3 vegy\u00fclet jelent\u0151s szerepet j\u00e1tszik a sejtoszt\u00f3d\u00e1s folyamat\u00e1ban \u00e9s a fejl\u0151d\u0151 embri\u00f3 vel\u0151cs\u00f6v\u00e9nek kialakul\u00e1s\u00e1ban. Az aj\u00e1nlott adag napi 400&nbsp;mikrogramm, ide\u00e1lis esetben legal\u00e1bb egy h\u00f3nappal a potenci\u00e1lis fogantat\u00e1s el\u0151tt. A folsav haszn\u00e1lata a terhess\u00e9g alatt jelent\u0151sen cs\u00f6kkenti a s\u00falyos fejl\u0151d\u00e9si rendelleness\u00e9gek, p\u00e9ld\u00e1ul a nyitott gerinc vagy az agyhi\u00e1ny kock\u00e1zat\u00e1t.&nbsp;<\/p>\n"]},{"blockName":"core\/heading","attrs":{"level":3,"className":"","epAnimationGeneratedClass":"edplus_anim-JioGdX","epGeneratedClass":"eplus-wrapper"},"innerBlocks":[],"innerHTML":"\n<h3 class=\" wp-block-heading eplus-wrapper\"><strong>Vas<\/strong>&nbsp;&nbsp;<\/h3>\n","innerContent":["\n<h3 class=\" wp-block-heading eplus-wrapper\"><strong>Vas<\/strong>&nbsp;&nbsp;<\/h3>\n"]},{"blockName":"core\/paragraph","attrs":{"className":"","epAnimationGeneratedClass":"edplus_anim-slrUBt","epGeneratedClass":"eplus-wrapper"},"innerBlocks":[],"innerHTML":"\n<p class=\" eplus-wrapper\">A vas a v\u00e9r oxig\u00e9nsz\u00e1ll\u00edt\u00e1s\u00e1hoz elengedhetetlen mikroelem. Terhes n\u0151kn\u00e9l a sz\u00fcks\u00e9glet megn\u0151, mivel a szervezetnek nemcsak az anya sejtjeit, hanem a fejl\u0151d\u0151 magzatot is el kell l\u00e1tnia. A vasp\u00f3tl\u00e1st \u00e1ltal\u00e1ban olyan vizsg\u00e1latok ut\u00e1n kezdik el, mint a v\u00e9rk\u00e9p, amely lehet\u0151v\u00e9 teszi a hemoglobinszint \u00e9rt\u00e9kel\u00e9s\u00e9t \u00e9s az esetleges v\u00e9rszeg\u00e9nys\u00e9g kimutat\u00e1s\u00e1t. A standard megel\u0151z\u0151 adag napi 30 mg.&nbsp;<\/p>\n","innerContent":["\n<p class=\" eplus-wrapper\">A vas a v\u00e9r oxig\u00e9nsz\u00e1ll\u00edt\u00e1s\u00e1hoz elengedhetetlen mikroelem. Terhes n\u0151kn\u00e9l a sz\u00fcks\u00e9glet megn\u0151, mivel a szervezetnek nemcsak az anya sejtjeit, hanem a fejl\u0151d\u0151 magzatot is el kell l\u00e1tnia. A vasp\u00f3tl\u00e1st \u00e1ltal\u00e1ban olyan vizsg\u00e1latok ut\u00e1n kezdik el, mint a v\u00e9rk\u00e9p, amely lehet\u0151v\u00e9 teszi a hemoglobinszint \u00e9rt\u00e9kel\u00e9s\u00e9t \u00e9s az esetleges v\u00e9rszeg\u00e9nys\u00e9g kimutat\u00e1s\u00e1t. A standard megel\u0151z\u0151 adag napi 30 mg.&nbsp;<\/p>\n"]},{"blockName":"core\/heading","attrs":{"level":3,"className":"","epAnimationGeneratedClass":"edplus_anim-O8B7lp","epGeneratedClass":"eplus-wrapper"},"innerBlocks":[],"innerHTML":"\n<h3 class=\" wp-block-heading eplus-wrapper\"><strong>D3-vitamin<\/strong>&nbsp;&nbsp;<\/h3>\n","innerContent":["\n<h3 class=\" wp-block-heading eplus-wrapper\"><strong>D3-vitamin<\/strong>&nbsp;&nbsp;<\/h3>\n"]},{"blockName":"core\/paragraph","attrs":{"className":"","epAnimationGeneratedClass":"edplus_anim-vRq8Al","epGeneratedClass":"eplus-wrapper"},"innerBlocks":[],"innerHTML":"\n<p class=\" eplus-wrapper\">A D3-vitamin sz\u00e1mos biol\u00f3giai folyamatra van hat\u00e1ssal \u2013 t\u00e1mogatja a csontok mineraliz\u00e1ci\u00f3j\u00e1t, szab\u00e1lyozza a kalcium \u00e9s a foszfor felsz\u00edv\u00f3d\u00e1s\u00e1t, valamint modul\u00e1lja az immunrendszer m\u0171k\u00f6d\u00e9s\u00e9t. Terhess\u00e9g alatti hi\u00e1nya a gyermek csontrendszer\u00e9nek fejl\u0151d\u00e9si zavaraihoz vezethet, valamint n\u00f6velheti a&nbsp;preeclampsia&nbsp;(preeklampszia) vagy a terhess\u00e9gi cukorbetegs\u00e9g kock\u00e1zat\u00e1t. Az aj\u00e1nlott napi adag v\u00e1rand\u00f3s n\u0151knek 800\u20131000 IU.&nbsp;<\/p>\n","innerContent":["\n<p class=\" eplus-wrapper\">A D3-vitamin sz\u00e1mos biol\u00f3giai folyamatra van hat\u00e1ssal \u2013 t\u00e1mogatja a csontok mineraliz\u00e1ci\u00f3j\u00e1t, szab\u00e1lyozza a kalcium \u00e9s a foszfor felsz\u00edv\u00f3d\u00e1s\u00e1t, valamint modul\u00e1lja az immunrendszer m\u0171k\u00f6d\u00e9s\u00e9t. Terhess\u00e9g alatti hi\u00e1nya a gyermek csontrendszer\u00e9nek fejl\u0151d\u00e9si zavaraihoz vezethet, valamint n\u00f6velheti a&nbsp;preeclampsia&nbsp;(preeklampszia) vagy a terhess\u00e9gi cukorbetegs\u00e9g kock\u00e1zat\u00e1t. Az aj\u00e1nlott napi adag v\u00e1rand\u00f3s n\u0151knek 800\u20131000 IU.&nbsp;<\/p>\n"]},{"blockName":"core\/heading","attrs":{"level":3,"className":"","epAnimationGeneratedClass":"edplus_anim-vT95ts","epGeneratedClass":"eplus-wrapper"},"innerBlocks":[],"innerHTML":"\n<h3 class=\" wp-block-heading eplus-wrapper\"><strong>Magn\u00e9zium<\/strong>&nbsp;&nbsp;<\/h3>\n","innerContent":["\n<h3 class=\" wp-block-heading eplus-wrapper\"><strong>Magn\u00e9zium<\/strong>&nbsp;&nbsp;<\/h3>\n"]},{"blockName":"core\/paragraph","attrs":{"className":"","epAnimationGeneratedClass":"edplus_anim-YGiGZM","epGeneratedClass":"eplus-wrapper"},"innerBlocks":[],"innerHTML":"\n<p class=\" eplus-wrapper\">A magn\u00e9zium fontos szerepet j\u00e1tszik az idegrendszer, az izomrendszer \u00e9s a sz\u00edv-\u00e9rrendszer m\u0171k\u00f6d\u00e9s\u00e9ben. Terhess\u00e9g alatt a hi\u00e1nya izomg\u00f6rcs\u00f6kh\u00f6z, fejf\u00e1j\u00e1shoz, ingerl\u00e9kenys\u00e9ghez \u00e9s sz\u00edvritmuszavarokhoz vezethet. A napi 300\u2013400 mg-os magn\u00e9ziump\u00f3tl\u00e1st \u00e9rdemes m\u00e1r a terhess\u00e9g els\u0151 trimeszter\u00e9ben elkezdeni, k\u00fcl\u00f6n\u00f6sen, ha kor\u00e1bban jelentkeztek a hi\u00e1ny t\u00fcnetei.&nbsp;<\/p>\n","innerContent":["\n<p class=\" eplus-wrapper\">A magn\u00e9zium fontos szerepet j\u00e1tszik az idegrendszer, az izomrendszer \u00e9s a sz\u00edv-\u00e9rrendszer m\u0171k\u00f6d\u00e9s\u00e9ben. Terhess\u00e9g alatt a hi\u00e1nya izomg\u00f6rcs\u00f6kh\u00f6z, fejf\u00e1j\u00e1shoz, ingerl\u00e9kenys\u00e9ghez \u00e9s sz\u00edvritmuszavarokhoz vezethet. A napi 300\u2013400 mg-os magn\u00e9ziump\u00f3tl\u00e1st \u00e9rdemes m\u00e1r a terhess\u00e9g els\u0151 trimeszter\u00e9ben elkezdeni, k\u00fcl\u00f6n\u00f6sen, ha kor\u00e1bban jelentkeztek a hi\u00e1ny t\u00fcnetei.&nbsp;<\/p>\n"]},{"blockName":"core\/heading","attrs":{"level":3,"className":"","epAnimationGeneratedClass":"edplus_anim-T9ZNSI","epGeneratedClass":"eplus-wrapper"},"innerBlocks":[],"innerHTML":"\n<h3 class=\" wp-block-heading eplus-wrapper\"><strong>Kalcium<\/strong>&nbsp;&nbsp;<\/h3>\n","innerContent":["\n<h3 class=\" wp-block-heading eplus-wrapper\"><strong>Kalcium<\/strong>&nbsp;&nbsp;<\/h3>\n"]},{"blockName":"core\/paragraph","attrs":{"className":"","epAnimationGeneratedClass":"edplus_anim-L0HIKn","epGeneratedClass":"eplus-wrapper"},"innerBlocks":[],"innerHTML":"\n<p class=\" eplus-wrapper\">A kalcium a csontok \u00e9s fogak f\u0151 \u00e9p\u00edt\u0151k\u00f6ve, megfelel\u0151 bevitele a terhess\u00e9g kezdet\u00e9t\u0151l sz\u00fcks\u00e9ges a magzat csontv\u00e1z\u00e1nak eg\u00e9szs\u00e9ges fejl\u0151d\u00e9s\u00e9hez. A v\u00e1rand\u00f3s n\u0151k napi sz\u00fcks\u00e9glete k\u00f6r\u00fclbel\u00fcl 1200 mg. A kalciumhi\u00e1ny gyeng\u00edtheti az anya csontszerkezet\u00e9t, \u00e9s n\u00f6velheti a terhess\u00e9gi magas v\u00e9rnyom\u00e1s kock\u00e1zat\u00e1t.&nbsp;<\/p>\n","innerContent":["\n<p class=\" eplus-wrapper\">A kalcium a csontok \u00e9s fogak f\u0151 \u00e9p\u00edt\u0151k\u00f6ve, megfelel\u0151 bevitele a terhess\u00e9g kezdet\u00e9t\u0151l sz\u00fcks\u00e9ges a magzat csontv\u00e1z\u00e1nak eg\u00e9szs\u00e9ges fejl\u0151d\u00e9s\u00e9hez. A v\u00e1rand\u00f3s n\u0151k napi sz\u00fcks\u00e9glete k\u00f6r\u00fclbel\u00fcl 1200 mg. A kalciumhi\u00e1ny gyeng\u00edtheti az anya csontszerkezet\u00e9t, \u00e9s n\u00f6velheti a terhess\u00e9gi magas v\u00e9rnyom\u00e1s kock\u00e1zat\u00e1t.&nbsp;<\/p>\n"]},{"blockName":"core\/heading","attrs":{"level":3,"className":"","epAnimationGeneratedClass":"edplus_anim-J0qE5f","epGeneratedClass":"eplus-wrapper"},"innerBlocks":[],"innerHTML":"\n<h3 class=\" wp-block-heading eplus-wrapper\"><strong>J\u00f3d<\/strong>&nbsp;&nbsp;<\/h3>\n","innerContent":["\n<h3 class=\" wp-block-heading eplus-wrapper\"><strong>J\u00f3d<\/strong>&nbsp;&nbsp;<\/h3>\n"]},{"blockName":"core\/paragraph","attrs":{"className":"","epAnimationGeneratedClass":"edplus_anim-S9uaMs","epGeneratedClass":"eplus-wrapper"},"innerBlocks":[],"innerHTML":"\n<p class=\" eplus-wrapper\">A j\u00f3d olyan elem, amely t\u00e1mogatja a pajzsmirigy megfelel\u0151 m\u0171k\u00f6d\u00e9s\u00e9t \u00e9s hormonjainak szint\u00e9zis\u00e9t, amelyek elengedhetetlenek a magzat idegrendszer\u00e9nek fejl\u0151d\u00e9s\u00e9hez. A terhess\u00e9get tervez\u0151 \u00e9s annak korai szakasz\u00e1ban l\u00e9v\u0151 n\u0151k sz\u00e1m\u00e1ra aj\u00e1nlott napi adag 200&nbsp;mikrogramm. A j\u00f3dp\u00f3tl\u00e1s cs\u00f6kkenti a fejl\u0151d\u00e9si elmarad\u00e1sok kock\u00e1zat\u00e1t \u00e9s t\u00e1mogatja az anyagcser\u00e9t.&nbsp;<\/p>\n","innerContent":["\n<p class=\" eplus-wrapper\">A j\u00f3d olyan elem, amely t\u00e1mogatja a pajzsmirigy megfelel\u0151 m\u0171k\u00f6d\u00e9s\u00e9t \u00e9s hormonjainak szint\u00e9zis\u00e9t, amelyek elengedhetetlenek a magzat idegrendszer\u00e9nek fejl\u0151d\u00e9s\u00e9hez. A terhess\u00e9get tervez\u0151 \u00e9s annak korai szakasz\u00e1ban l\u00e9v\u0151 n\u0151k sz\u00e1m\u00e1ra aj\u00e1nlott napi adag 200&nbsp;mikrogramm. A j\u00f3dp\u00f3tl\u00e1s cs\u00f6kkenti a fejl\u0151d\u00e9si elmarad\u00e1sok kock\u00e1zat\u00e1t \u00e9s t\u00e1mogatja az anyagcser\u00e9t.&nbsp;<\/p>\n"]},{"blockName":"core\/heading","attrs":{"level":3,"className":"","epAnimationGeneratedClass":"edplus_anim-I0PVfL","epGeneratedClass":"eplus-wrapper"},"innerBlocks":[],"innerHTML":"\n<h3 class=\" wp-block-heading eplus-wrapper\"><strong>Omega-3 zs\u00edrsavak<\/strong>&nbsp;<\/h3>\n","innerContent":["\n<h3 class=\" wp-block-heading eplus-wrapper\"><strong>Omega-3 zs\u00edrsavak<\/strong>&nbsp;<\/h3>\n"]},{"blockName":"core\/paragraph","attrs":{"className":"","epAnimationGeneratedClass":"edplus_anim-bPoc0m","epGeneratedClass":"eplus-wrapper"},"innerBlocks":[],"innerHTML":"\n<p class=\" eplus-wrapper\">&nbsp;Az omega-3 zs\u00edrsavak, k\u00fcl\u00f6n\u00f6sen a DHA, jelent\u0151s szerepet j\u00e1tszanak a magzat agy\u00e1nak \u00e9s l\u00e1t\u00f3szerv\u00e9nek fejl\u0151d\u00e9s\u00e9ben. A terhess\u00e9get tervez\u0151 \u00e9s a korai szakaszban l\u00e9v\u0151 n\u0151knek napi 200\u2013300 mg DHA p\u00f3tl\u00e1sa javasolt. A DHA gyullad\u00e1scs\u00f6kkent\u0151 tulajdons\u00e1gokkal is rendelkezik, \u00e9s t\u00e1mogathatja a sz\u00edv-\u00e9rrendszer m\u0171k\u00f6d\u00e9s\u00e9t.&nbsp;<\/p>\n","innerContent":["\n<p class=\" eplus-wrapper\">&nbsp;Az omega-3 zs\u00edrsavak, k\u00fcl\u00f6n\u00f6sen a DHA, jelent\u0151s szerepet j\u00e1tszanak a magzat agy\u00e1nak \u00e9s l\u00e1t\u00f3szerv\u00e9nek fejl\u0151d\u00e9s\u00e9ben. A terhess\u00e9get tervez\u0151 \u00e9s a korai szakaszban l\u00e9v\u0151 n\u0151knek napi 200\u2013300 mg DHA p\u00f3tl\u00e1sa javasolt. A DHA gyullad\u00e1scs\u00f6kkent\u0151 tulajdons\u00e1gokkal is rendelkezik, \u00e9s t\u00e1mogathatja a sz\u00edv-\u00e9rrendszer m\u0171k\u00f6d\u00e9s\u00e9t.&nbsp;<\/p>\n"]},{"blockName":"core\/heading","attrs":{"level":3,"className":"","epAnimationGeneratedClass":"edplus_anim-kEVImG","epGeneratedClass":"eplus-wrapper"},"innerBlocks":[],"innerHTML":"\n<h3 class=\" wp-block-heading eplus-wrapper\"><strong>A-vitamin<\/strong>&nbsp;&nbsp;<\/h3>\n","innerContent":["\n<h3 class=\" wp-block-heading eplus-wrapper\"><strong>A-vitamin<\/strong>&nbsp;&nbsp;<\/h3>\n"]},{"blockName":"core\/paragraph","attrs":{"className":"","epAnimationGeneratedClass":"edplus_anim-8Q2vAy","epGeneratedClass":"eplus-wrapper"},"innerBlocks":[],"innerHTML":"\n<p class=\" eplus-wrapper\">Az A-vitamin t\u00e1mogatja a b\u0151r, a l\u00e1t\u00e1s \u00e9s a ny\u00e1lkah\u00e1rty\u00e1k megfelel\u0151 m\u0171k\u00f6d\u00e9s\u00e9t. Terhess\u00e9g alatt a jelenl\u00e9te elengedhetetlen, azonban \u00f3vatosnak kell lenni \u2013 a t\u00falzott&nbsp;retinolbevitel&nbsp;toxikus lehet \u00e9s fejl\u0151d\u00e9si rendelleness\u00e9geket okozhat. Ez\u00e9rt a terhess\u00e9g alatt az A-vitamin biztons\u00e1gos form\u00e1ja a b\u00e9ta-karotin.&nbsp;<\/p>\n","innerContent":["\n<p class=\" eplus-wrapper\">Az A-vitamin t\u00e1mogatja a b\u0151r, a l\u00e1t\u00e1s \u00e9s a ny\u00e1lkah\u00e1rty\u00e1k megfelel\u0151 m\u0171k\u00f6d\u00e9s\u00e9t. Terhess\u00e9g alatt a jelenl\u00e9te elengedhetetlen, azonban \u00f3vatosnak kell lenni \u2013 a t\u00falzott&nbsp;retinolbevitel&nbsp;toxikus lehet \u00e9s fejl\u0151d\u00e9si rendelleness\u00e9geket okozhat. Ez\u00e9rt a terhess\u00e9g alatt az A-vitamin biztons\u00e1gos form\u00e1ja a b\u00e9ta-karotin.&nbsp;<\/p>\n"]},{"blockName":"core\/heading","attrs":{"level":3,"className":"","epAnimationGeneratedClass":"edplus_anim-InjLEa","epGeneratedClass":"eplus-wrapper"},"innerBlocks":[],"innerHTML":"\n<h3 class=\" wp-block-heading eplus-wrapper\"><strong>E-vitamin<\/strong>&nbsp;&nbsp;<\/h3>\n","innerContent":["\n<h3 class=\" wp-block-heading eplus-wrapper\"><strong>E-vitamin<\/strong>&nbsp;&nbsp;<\/h3>\n"]},{"blockName":"core\/paragraph","attrs":{"className":"","epAnimationGeneratedClass":"edplus_anim-bDFHZS","epGeneratedClass":"eplus-wrapper"},"innerBlocks":[],"innerHTML":"\n<p class=\" eplus-wrapper\">Az E-vitamin er\u0151s antioxid\u00e1ns, amely seg\u00edti a sejtek v\u00e9delm\u00e9t az oxidat\u00edv stresszel szemben. Terhess\u00e9g alatt a sz\u00fcks\u00e9glet megn\u0151, mivel a n\u0151i szervezet intenz\u00edvebben dolgozik, \u00e9s az anyagcsere-folyamatok nagyobb terhel\u00e9snek vannak kit\u00e9ve. Az aj\u00e1nlott adag ebb\u0151l a vitaminb\u00f3l napi 15\u201319 mg.&nbsp;<\/p>\n","innerContent":["\n<p class=\" eplus-wrapper\">Az E-vitamin er\u0151s antioxid\u00e1ns, amely seg\u00edti a sejtek v\u00e9delm\u00e9t az oxidat\u00edv stresszel szemben. Terhess\u00e9g alatt a sz\u00fcks\u00e9glet megn\u0151, mivel a n\u0151i szervezet intenz\u00edvebben dolgozik, \u00e9s az anyagcsere-folyamatok nagyobb terhel\u00e9snek vannak kit\u00e9ve. Az aj\u00e1nlott adag ebb\u0151l a vitaminb\u00f3l napi 15\u201319 mg.&nbsp;<\/p>\n"]},{"blockName":"core\/heading","attrs":{"className":"","epAnimationGeneratedClass":"edplus_anim-r5KjxU","epGeneratedClass":"eplus-wrapper"},"innerBlocks":[],"innerHTML":"\n<h2 class=\" wp-block-heading eplus-wrapper\">Gyakori k\u00e9rd\u00e9sek&nbsp;<\/h2>\n","innerContent":["\n<h2 class=\" wp-block-heading eplus-wrapper\">Gyakori k\u00e9rd\u00e9sek&nbsp;<\/h2>\n"]},{"blockName":"yoast\/faq-block","attrs":{"questions":[{"id":"faq-question-1774947992008","question":"<strong>1. Mikort\u00f3l sz\u00e1moljuk az 1. terhess\u00e9gi hetet?<\/strong>\u00a0\u00a0<br>","answer":"Az, hogy mikor van az 1. terhess\u00e9gi h\u00e9t, az orvosi hagyom\u00e1nyb\u00f3l ered \u2013 elfogadott, hogy az els\u0151 h\u00e9t az utols\u00f3 menstru\u00e1ci\u00f3 els\u0151 napj\u00e1t\u00f3l sz\u00e1m\u00edtott id\u0151szak. B\u00e1r biol\u00f3giailag ez m\u00e9g nem terhess\u00e9g, hivatalosan ekkort\u00f3l kezdik sz\u00e1molni.\u00a0","jsonQuestion":"<strong>1. Mikort\u00f3l sz\u00e1moljuk az 1. terhess\u00e9gi hetet?<\/strong>\u00a0\u00a0<br>","jsonAnswer":"Az, hogy mikor van az 1. terhess\u00e9gi h\u00e9t, az orvosi hagyom\u00e1nyb\u00f3l ered \u2013 elfogadott, hogy az els\u0151 h\u00e9t az utols\u00f3 menstru\u00e1ci\u00f3 els\u0151 napj\u00e1t\u00f3l sz\u00e1m\u00edtott id\u0151szak. B\u00e1r biol\u00f3giailag ez m\u00e9g nem terhess\u00e9g, hivatalosan ekkort\u00f3l kezdik sz\u00e1molni.\u00a0","images":[]},{"id":"faq-question-1774948005513","question":"<strong>2. 1. terhess\u00e9gi h\u00e9t \u2013 milyen\u00a0hCG\u00a0szint v\u00e1rhat\u00f3?<\/strong>\u00a0\u00a0<br>","answer":"A terhess\u00e9g ilyen korai szakasz\u00e1ban a b\u00e9ta-hCG\u00a0hormon koncentr\u00e1ci\u00f3ja t\u00fal alacsony ahhoz, hogy megb\u00edzhat\u00f3 diagnosztikai eszk\u00f6zk\u00e9nt szolg\u00e1ljon. Az els\u0151 h\u00e9ten m\u00e9g sem a megterm\u00e9keny\u00edt\u00e9s, sem az embri\u00f3 be\u00e1gyaz\u00f3d\u00e1sa nem t\u00f6rt\u00e9nik meg, ez\u00e9rt a\u00a0hCG\u00a0szint kimutathatatlan vagy nagyon alacsony marad.\u00a0","jsonQuestion":"<strong>2. 1. terhess\u00e9gi h\u00e9t \u2013 milyen\u00a0hCG\u00a0szint v\u00e1rhat\u00f3?<\/strong>\u00a0\u00a0<br>","jsonAnswer":"A terhess\u00e9g ilyen korai szakasz\u00e1ban a b\u00e9ta-hCG\u00a0hormon koncentr\u00e1ci\u00f3ja t\u00fal alacsony ahhoz, hogy megb\u00edzhat\u00f3 diagnosztikai eszk\u00f6zk\u00e9nt szolg\u00e1ljon. Az els\u0151 h\u00e9ten m\u00e9g sem a megterm\u00e9keny\u00edt\u00e9s, sem az embri\u00f3 be\u00e1gyaz\u00f3d\u00e1sa nem t\u00f6rt\u00e9nik meg, ez\u00e9rt a\u00a0hCG\u00a0szint kimutathatatlan vagy nagyon alacsony marad.\u00a0","images":[]},{"id":"faq-question-1774948018996","question":"<strong>3. Sz\u00fcks\u00e9ges-e megv\u00e1ltoztatni a mindennapi szok\u00e1sokat a terhess\u00e9g els\u0151 het\u00e9ben?<\/strong>\u00a0\u00a0<br>","answer":"Ebben a szakaszban m\u00e9g nincs sz\u00fcks\u00e9g radik\u00e1lis v\u00e1ltoztat\u00e1sokra a mindennapi \u00e9letm\u00f3dban, de \u00e9rdemes fel\u00fclb\u00edr\u00e1lni a szok\u00e1saidat. Az eg\u00e9szs\u00e9gesebb \u00e9trend bevezet\u00e9se, a k\u00e1ros szenved\u00e9lyek ker\u00fcl\u00e9se \u00e9s a rendszeres alv\u00e1s mindig j\u00f3 d\u00f6nt\u00e9s. Ezek a l\u00e9p\u00e9sek pozit\u00edvan befoly\u00e1solhatj\u00e1k a terhess\u00e9g tov\u00e1bbi menet\u00e9t, amennyiben sor ker\u00fcl a fogantat\u00e1sra.\u00a0","jsonQuestion":"<strong>3. Sz\u00fcks\u00e9ges-e megv\u00e1ltoztatni a mindennapi szok\u00e1sokat a terhess\u00e9g els\u0151 het\u00e9ben?<\/strong>\u00a0\u00a0<br>","jsonAnswer":"Ebben a szakaszban m\u00e9g nincs sz\u00fcks\u00e9g radik\u00e1lis v\u00e1ltoztat\u00e1sokra a mindennapi \u00e9letm\u00f3dban, de \u00e9rdemes fel\u00fclb\u00edr\u00e1lni a szok\u00e1saidat. Az eg\u00e9szs\u00e9gesebb \u00e9trend bevezet\u00e9se, a k\u00e1ros szenved\u00e9lyek ker\u00fcl\u00e9se \u00e9s a rendszeres alv\u00e1s mindig j\u00f3 d\u00f6nt\u00e9s. Ezek a l\u00e9p\u00e9sek pozit\u00edvan befoly\u00e1solhatj\u00e1k a terhess\u00e9g tov\u00e1bbi menet\u00e9t, amennyiben sor ker\u00fcl a fogantat\u00e1sra.\u00a0","images":[]}]},"innerBlocks":[],"innerHTML":"\n<div class=\"schema-faq wp-block-yoast-faq-block\"><div class=\"schema-faq-section\" id=\"faq-question-1774947992008\"><strong class=\"schema-faq-question\"><strong>1. Mikort\u00f3l sz\u00e1moljuk az 1. terhess\u00e9gi hetet?<\/strong>\u00a0\u00a0<br><\/strong> <p class=\"schema-faq-answer\">Az, hogy mikor van az 1. terhess\u00e9gi h\u00e9t, az orvosi hagyom\u00e1nyb\u00f3l ered \u2013 elfogadott, hogy az els\u0151 h\u00e9t az utols\u00f3 menstru\u00e1ci\u00f3 els\u0151 napj\u00e1t\u00f3l sz\u00e1m\u00edtott id\u0151szak. B\u00e1r biol\u00f3giailag ez m\u00e9g nem terhess\u00e9g, hivatalosan ekkort\u00f3l kezdik sz\u00e1molni.\u00a0<\/p> <\/div> <div class=\"schema-faq-section\" id=\"faq-question-1774948005513\"><strong class=\"schema-faq-question\"><strong>2. 1. terhess\u00e9gi h\u00e9t \u2013 milyen\u00a0hCG\u00a0szint v\u00e1rhat\u00f3?<\/strong>\u00a0\u00a0<br><\/strong> <p class=\"schema-faq-answer\">A terhess\u00e9g ilyen korai szakasz\u00e1ban a b\u00e9ta-hCG\u00a0hormon koncentr\u00e1ci\u00f3ja t\u00fal alacsony ahhoz, hogy megb\u00edzhat\u00f3 diagnosztikai eszk\u00f6zk\u00e9nt szolg\u00e1ljon. Az els\u0151 h\u00e9ten m\u00e9g sem a megterm\u00e9keny\u00edt\u00e9s, sem az embri\u00f3 be\u00e1gyaz\u00f3d\u00e1sa nem t\u00f6rt\u00e9nik meg, ez\u00e9rt a\u00a0hCG\u00a0szint kimutathatatlan vagy nagyon alacsony marad.\u00a0<\/p> <\/div> <div class=\"schema-faq-section\" id=\"faq-question-1774948018996\"><strong class=\"schema-faq-question\"><strong>3. Sz\u00fcks\u00e9ges-e megv\u00e1ltoztatni a mindennapi szok\u00e1sokat a terhess\u00e9g els\u0151 het\u00e9ben?<\/strong>\u00a0\u00a0<br><\/strong> <p class=\"schema-faq-answer\">Ebben a szakaszban m\u00e9g nincs sz\u00fcks\u00e9g radik\u00e1lis v\u00e1ltoztat\u00e1sokra a mindennapi \u00e9letm\u00f3dban, de \u00e9rdemes fel\u00fclb\u00edr\u00e1lni a szok\u00e1saidat. Az eg\u00e9szs\u00e9gesebb \u00e9trend bevezet\u00e9se, a k\u00e1ros szenved\u00e9lyek ker\u00fcl\u00e9se \u00e9s a rendszeres alv\u00e1s mindig j\u00f3 d\u00f6nt\u00e9s. Ezek a l\u00e9p\u00e9sek pozit\u00edvan befoly\u00e1solhatj\u00e1k a terhess\u00e9g tov\u00e1bbi menet\u00e9t, amennyiben sor ker\u00fcl a fogantat\u00e1sra.\u00a0<\/p> <\/div> <\/div>\n","innerContent":["\n<div class=\"schema-faq wp-block-yoast-faq-block\"><div class=\"schema-faq-section\" id=\"faq-question-1774947992008\"><strong class=\"schema-faq-question\"><strong>1. Mikort\u00f3l sz\u00e1moljuk az 1. terhess\u00e9gi hetet?<\/strong>\u00a0\u00a0<br><\/strong> <p class=\"schema-faq-answer\">Az, hogy mikor van az 1. terhess\u00e9gi h\u00e9t, az orvosi hagyom\u00e1nyb\u00f3l ered \u2013 elfogadott, hogy az els\u0151 h\u00e9t az utols\u00f3 menstru\u00e1ci\u00f3 els\u0151 napj\u00e1t\u00f3l sz\u00e1m\u00edtott id\u0151szak. B\u00e1r biol\u00f3giailag ez m\u00e9g nem terhess\u00e9g, hivatalosan ekkort\u00f3l kezdik sz\u00e1molni.\u00a0<\/p> <\/div> <div class=\"schema-faq-section\" id=\"faq-question-1774948005513\"><strong class=\"schema-faq-question\"><strong>2. 1. terhess\u00e9gi h\u00e9t \u2013 milyen\u00a0hCG\u00a0szint v\u00e1rhat\u00f3?<\/strong>\u00a0\u00a0<br><\/strong> <p class=\"schema-faq-answer\">A terhess\u00e9g ilyen korai szakasz\u00e1ban a b\u00e9ta-hCG\u00a0hormon koncentr\u00e1ci\u00f3ja t\u00fal alacsony ahhoz, hogy megb\u00edzhat\u00f3 diagnosztikai eszk\u00f6zk\u00e9nt szolg\u00e1ljon. Az els\u0151 h\u00e9ten m\u00e9g sem a megterm\u00e9keny\u00edt\u00e9s, sem az embri\u00f3 be\u00e1gyaz\u00f3d\u00e1sa nem t\u00f6rt\u00e9nik meg, ez\u00e9rt a\u00a0hCG\u00a0szint kimutathatatlan vagy nagyon alacsony marad.\u00a0<\/p> <\/div> <div class=\"schema-faq-section\" id=\"faq-question-1774948018996\"><strong class=\"schema-faq-question\"><strong>3. Sz\u00fcks\u00e9ges-e megv\u00e1ltoztatni a mindennapi szok\u00e1sokat a terhess\u00e9g els\u0151 het\u00e9ben?<\/strong>\u00a0\u00a0<br><\/strong> <p class=\"schema-faq-answer\">Ebben a szakaszban m\u00e9g nincs sz\u00fcks\u00e9g radik\u00e1lis v\u00e1ltoztat\u00e1sokra a mindennapi \u00e9letm\u00f3dban, de \u00e9rdemes fel\u00fclb\u00edr\u00e1lni a szok\u00e1saidat. Az eg\u00e9szs\u00e9gesebb \u00e9trend bevezet\u00e9se, a k\u00e1ros szenved\u00e9lyek ker\u00fcl\u00e9se \u00e9s a rendszeres alv\u00e1s mindig j\u00f3 d\u00f6nt\u00e9s. Ezek a l\u00e9p\u00e9sek pozit\u00edvan befoly\u00e1solhatj\u00e1k a terhess\u00e9g tov\u00e1bbi menet\u00e9t, amennyiben sor ker\u00fcl a fogantat\u00e1sra.\u00a0<\/p> <\/div> <\/div>\n"]},{"blockName":"core\/paragraph","attrs":{"className":"","epAnimationGeneratedClass":"edplus_anim-i1vU7H","epGeneratedClass":"eplus-wrapper"},"innerBlocks":[],"innerHTML":"\n<p class=\" eplus-wrapper\"><strong>Tudd meg, mi v\u00e1r r\u00e1d a k\u00f6vetkez\u0151 hetekben:<\/strong><\/p>\n","innerContent":["\n<p class=\" eplus-wrapper\"><strong>Tudd meg, mi v\u00e1r r\u00e1d a k\u00f6vetkez\u0151 hetekben:<\/strong><\/p>\n"]},{"blockName":"core\/paragraph","attrs":{"className":"","epAnimationGeneratedClass":"edplus_anim-i1vU7H","epGeneratedClass":"eplus-wrapper"},"innerBlocks":[],"innerHTML":"\n<p class=\" eplus-wrapper\"><a href=\"https:\/\/krio.hu\/kismamavilag\/terhessegi-naptar\/2-terhessegi-het-azaz-a-korai-terhesseg-es-valtozasok\" target=\"_blank\" rel=\"noreferrer noopener\">2. terhess\u00e9gi h\u00e9t: Azaz a korai terhess\u00e9g \u00e9s v\u00e1ltoz\u00e1sok a kismama test\u00e9ben <\/a><\/p>\n","innerContent":["\n<p class=\" eplus-wrapper\"><a href=\"https:\/\/krio.hu\/kismamavilag\/terhessegi-naptar\/2-terhessegi-het-azaz-a-korai-terhesseg-es-valtozasok\" target=\"_blank\" rel=\"noreferrer noopener\">2. terhess\u00e9gi h\u00e9t: Azaz a korai terhess\u00e9g \u00e9s v\u00e1ltoz\u00e1sok a kismama test\u00e9ben <\/a><\/p>\n"]},{"blockName":"core\/paragraph","attrs":{"className":"","epAnimationGeneratedClass":"edplus_anim-i1vU7H","epGeneratedClass":"eplus-wrapper"},"innerBlocks":[],"innerHTML":"\n<p class=\" eplus-wrapper\"><a href=\"https:\/\/krio.hu\/kismamavilag\/terhessegi-naptar\/3-terhessegi-het-a-baba-fejlodese-es-az-anya-kozerzete\" type=\"link\" id=\"https:\/\/krio.hu\/kismamavilag\/terhessegi-naptar\/3-terhessegi-het-a-baba-fejlodese-es-az-anya-kozerzete\" target=\"_blank\" rel=\"noreferrer noopener\">3. terhess\u00e9gi h\u00e9t: A baba fejl\u0151d\u00e9se \u00e9s az anya k\u00f6z\u00e9rzete <\/a><\/p>\n","innerContent":["\n<p class=\" eplus-wrapper\"><a href=\"https:\/\/krio.hu\/kismamavilag\/terhessegi-naptar\/3-terhessegi-het-a-baba-fejlodese-es-az-anya-kozerzete\" type=\"link\" id=\"https:\/\/krio.hu\/kismamavilag\/terhessegi-naptar\/3-terhessegi-het-a-baba-fejlodese-es-az-anya-kozerzete\" target=\"_blank\" rel=\"noreferrer noopener\">3. terhess\u00e9gi h\u00e9t: A baba fejl\u0151d\u00e9se \u00e9s az anya k\u00f6z\u00e9rzete <\/a><\/p>\n"]},{"blockName":"core\/paragraph","attrs":{"className":"","epAnimationGeneratedClass":"edplus_anim-J0yP8L","epGeneratedClass":"eplus-wrapper"},"innerBlocks":[],"innerHTML":"\n<p class=\" eplus-wrapper\"><a href=\"https:\/\/krio.hu\/kismamavilag\/terhessegi-naptar\/4-terhessegi-het-mi-tortenik-az-anya-es-a-baba-szervezeteben\" type=\"link\" id=\"https:\/\/krio.hu\/kismamavilag\/terhessegi-naptar\/3-terhessegi-het-a-baba-fejlodese-es-az-anya-kozerzete\" target=\"_blank\" rel=\"noreferrer noopener\">4. terhess\u00e9gi h\u00e9t: Mi t\u00f6rt\u00e9nik az anya \u00e9s a baba szervezet\u00e9ben? <\/a><\/p>\n","innerContent":["\n<p class=\" eplus-wrapper\"><a href=\"https:\/\/krio.hu\/kismamavilag\/terhessegi-naptar\/4-terhessegi-het-mi-tortenik-az-anya-es-a-baba-szervezeteben\" type=\"link\" id=\"https:\/\/krio.hu\/kismamavilag\/terhessegi-naptar\/3-terhessegi-het-a-baba-fejlodese-es-az-anya-kozerzete\" target=\"_blank\" rel=\"noreferrer noopener\">4. terhess\u00e9gi h\u00e9t: Mi t\u00f6rt\u00e9nik az anya \u00e9s a baba szervezet\u00e9ben? <\/a><\/p>\n"]}],"meta_data":false,"_links":{"self":[{"href":"https:\/\/krio.hu\/index.php\/wp-json\/wp\/v2\/pregnancy_zone\/4901","targetHints":{"allow":["GET"]}}],"collection":[{"href":"https:\/\/krio.hu\/index.php\/wp-json\/wp\/v2\/pregnancy_zone"}],"about":[{"href":"https:\/\/krio.hu\/index.php\/wp-json\/wp\/v2\/types\/pregnancy_zone"}],"author":[{"embeddable":true,"href":"https:\/\/krio.hu\/index.php\/wp-json\/wp\/v2\/users\/8"}],"wp:featuredmedia":[{"embeddable":true,"href":"https:\/\/krio.hu\/index.php\/wp-json\/wp\/v2\/media\/4874"}],"wp:attachment":[{"href":"https:\/\/krio.hu\/index.php\/wp-json\/wp\/v2\/media?parent=4901"}],"wp:term":[{"taxonomy":"pregnancy_zone_category","embeddable":true,"href":"https:\/\/krio.hu\/index.php\/wp-json\/wp\/v2\/pregnancy_zone_category?post=4901"}],"curies":[{"name":"wp","href":"https:\/\/api.w.org\/{rel}","templated":true}]}}